{"id":25631,"date":"2026-01-02T12:14:18","date_gmt":"2026-01-02T11:14:18","guid":{"rendered":"https:\/\/www.thebrokernews.ch\/recherche\/"},"modified":"2026-01-28T13:06:17","modified_gmt":"2026-01-28T12:06:17","slug":"recherche","status":"publish","type":"page","link":"https:\/\/www.thebrokernews.ch\/fr\/recherche\/","title":{"rendered":"Recherche"},"content":{"rendered":"\n<h2 class=\"wp-block-heading\">Saisir un terme de recherche<\/h2>\n<form role=\"search\" method=\"get\" action=\"https:\/\/www.thebrokernews.ch\/fr\/\" class=\"wp-block-search__button-inside wp-block-search__icon-button wp-block-search\"    ><label class=\"wp-block-search__label screen-reader-text\" for=\"wp-block-search__input-1\" >Rechercher<\/label><div class=\"wp-block-search__inside-wrapper\"  style=\"width: 100%\"><input class=\"wp-block-search__input\" id=\"wp-block-search__input-1\" placeholder=\"\" value=\"\" type=\"search\" name=\"s\" required \/><button aria-label=\"Rechercher\" class=\"wp-block-search__button has-icon wp-element-button\" type=\"submit\" ><svg class=\"search-icon\" viewBox=\"0 0 24 24\" width=\"24\" height=\"24\">\n\t\t\t\t\t<path d=\"M13 5c-3.3 0-6 2.7-6 6 0 1.4.5 2.7 1.3 3.7l-3.8 3.8 1.1 1.1 3.8-3.8c1 .8 2.3 1.3 3.7 1.3 3.3 0 6-2.7 6-6S16.3 5 13 5zm0 10.5c-2.5 0-4.5-2-4.5-4.5s2-4.5 4.5-4.5 4.5 2 4.5 4.5-2 4.5-4.5 4.5z\"><\/path>\n\t\t\t\t<\/svg><\/button><\/div><\/form>\n<div style=\"height:5vw\" aria-hidden=\"true\" class=\"wp-block-spacer\"><\/div>\n\n<div class=\"wp-block-query x is-layout-flow wp-block-query-is-layout-flow\"><ul class=\"columns-3 gws-slider controls carousel infinite  newsslide  wp-block-post-template is-layout-grid wp-container-core-post-template-is-layout-6d3fbd8f wp-block-post-template-is-layout-grid\"><li class=\"wp-block-post post-27630 post type-post status-publish format-standard has-post-thumbnail hentry category-actualites category-generalites tag-continuite tag-eboulement-de-blatten tag-finma tag-focus tag-poursuite-du-developpement tag-protection-des-consommateurs tag-reglementation-tbtf tag-resilience tag-resistance tag-risques-climatiques tag-stabilite tag-supervision ownarticle\">\n\n<div class=\"wp-block-group card is-layout-flow wp-block-group-is-layout-flow\">\t\t<figure>\n\t\t\t<a href=\"https:\/\/www.thebrokernews.ch\/fr\/finma-priorite-a-la-stabilite-petits-assu\/\" title=\"thebrokernews - About insurances: FINMA : priorit\u00e9 \u00e0 la stabilit\u00e9\">\n\t\t\t\t<img loading=\"lazy\" decoding=\"async\" width=\"1500\" height=\"1000\" src=\"https:\/\/www.thebrokernews.ch\/wp-content\/uploads\/2026\/04\/Stefan-Walter.png\" class=\"attachment-post-thumbnail size-post-thumbnail wp-post-image\" alt=\"FINMA : la stabilit\u00e9 au c\u0153ur des pr\u00e9occupations. Photo : Stefan Walter, directeur.\" srcset=\"https:\/\/www.thebrokernews.ch\/wp-content\/uploads\/2026\/04\/Stefan-Walter.png 1500w, https:\/\/www.thebrokernews.ch\/wp-content\/uploads\/2026\/04\/Stefan-Walter-300x200.png 300w, https:\/\/www.thebrokernews.ch\/wp-content\/uploads\/2026\/04\/Stefan-Walter-1024x683.png 1024w, https:\/\/www.thebrokernews.ch\/wp-content\/uploads\/2026\/04\/Stefan-Walter-768x512.png 768w\" sizes=\"auto, (max-width: 1500px) 100vw, 1500px\" \/>\t\t\t<\/a>\n\t\t<\/figure>\n\n\n\n<div class=\"wp-block-columns is-layout-flex wp-container-core-columns-is-layout-01756ba4 wp-block-columns-is-layout-flex\">\n<div class=\"wp-block-column is-layout-flow wp-block-column-is-layout-flow\" style=\"flex-basis:50%\"><div class=\"has-text-align-left wp-block-post-date\"><time datetime=\"2026-04-24T04:00:00+02:00\">24 avril 2026<\/time><\/div><\/div>\n\n\n\n<div class=\"wp-block-column is-layout-flow wp-block-column-is-layout-flow\" style=\"flex-basis:50%\"><div class=\"taxonomy-category has-text-align-right wp-block-post-terms\"><a href=\"https:\/\/www.thebrokernews.ch\/fr\/category\/actualites\/\" rel=\"tag\">Actualit\u00e9s<\/a><span class=\"wp-block-post-terms__separator\">, <\/span><a href=\"https:\/\/www.thebrokernews.ch\/fr\/category\/generalites\/\" rel=\"tag\">G\u00e9n\u00e9ralit\u00e9s<\/a><\/div><\/div>\n<\/div>\n\n\n\n<hr class=\"wp-block-separator has-css-opacity\"\/>\n\n\n<h4 class=\"has-text-align-left wp-block-post-title\"><a href=\"https:\/\/www.thebrokernews.ch\/fr\/finma-priorite-a-la-stabilite-petits-assu\/\" target=\"_self\">FINMA : priorit\u00e9 \u00e0 la stabilit\u00e9<\/a><\/h4>\n\n<div class=\"has-text-align-left wp-block-post-excerpt\"><p class=\"wp-block-post-excerpt__excerpt\">Lors du symposium de la FINMA sur les petits assureurs qui s&rsquo;est tenu hier le 26 avril 2026, le directeur\u2026<\/p><p class=\"wp-block-post-excerpt__more-text\"><a class=\"wp-block-post-excerpt__more-link\" href=\"https:\/\/www.thebrokernews.ch\/fr\/finma-priorite-a-la-stabilite-petits-assu\/\">lire la suite<\/a><\/p><\/div><\/div>\n\n<\/li><li class=\"wp-block-post post-27511 post type-post status-publish format-standard has-post-thumbnail hentry category-actualites category-generalites tag-algorithme tag-confiance tag-courtier tag-dilemme tag-erreur tag-humain-2 tag-promesse tag-reclamation tag-reglement tag-tentation ownarticle\">\n\n<div class=\"wp-block-group card is-layout-flow wp-block-group-is-layout-flow\">\t\t<figure>\n\t\t\t<a href=\"https:\/\/www.thebrokernews.ch\/fr\/la-confiance-nest-pas-une-fonctionnalite\/\" title=\"thebrokernews - About insurances: La confiance n&rsquo;est pas une fonctionnalit\u00e9\">\n\t\t\t\t<img loading=\"lazy\" decoding=\"async\" width=\"1536\" height=\"1024\" src=\"https:\/\/www.thebrokernews.ch\/wp-content\/uploads\/2026\/04\/Selzers-Perspektive.png\" class=\"attachment-post-thumbnail size-post-thumbnail wp-post-image\" alt=\"La confiance n&#039;est pas une fonctionnalit\u00e9 : chronique mensuelle de Marcus Selzer.\" srcset=\"https:\/\/www.thebrokernews.ch\/wp-content\/uploads\/2026\/04\/Selzers-Perspektive.png 1536w, https:\/\/www.thebrokernews.ch\/wp-content\/uploads\/2026\/04\/Selzers-Perspektive-300x200.png 300w, https:\/\/www.thebrokernews.ch\/wp-content\/uploads\/2026\/04\/Selzers-Perspektive-1024x683.png 1024w, https:\/\/www.thebrokernews.ch\/wp-content\/uploads\/2026\/04\/Selzers-Perspektive-768x512.png 768w\" sizes=\"auto, (max-width: 1536px) 100vw, 1536px\" \/>\t\t\t<\/a>\n\t\t<\/figure>\n\n\n\n<div class=\"wp-block-columns is-layout-flex wp-container-core-columns-is-layout-01756ba4 wp-block-columns-is-layout-flex\">\n<div class=\"wp-block-column is-layout-flow wp-block-column-is-layout-flow\" style=\"flex-basis:50%\"><div class=\"has-text-align-left wp-block-post-date\"><time datetime=\"2026-04-23T04:00:00+02:00\">23 avril 2026<\/time><\/div><\/div>\n\n\n\n<div class=\"wp-block-column is-layout-flow wp-block-column-is-layout-flow\" style=\"flex-basis:50%\"><div class=\"taxonomy-category has-text-align-right wp-block-post-terms\"><a href=\"https:\/\/www.thebrokernews.ch\/fr\/category\/actualites\/\" rel=\"tag\">Actualit\u00e9s<\/a><span class=\"wp-block-post-terms__separator\">, <\/span><a href=\"https:\/\/www.thebrokernews.ch\/fr\/category\/generalites\/\" rel=\"tag\">G\u00e9n\u00e9ralit\u00e9s<\/a><\/div><\/div>\n<\/div>\n\n\n\n<hr class=\"wp-block-separator has-css-opacity\"\/>\n\n\n<h4 class=\"has-text-align-left wp-block-post-title\"><a href=\"https:\/\/www.thebrokernews.ch\/fr\/la-confiance-nest-pas-une-fonctionnalite\/\" target=\"_self\">La confiance n&rsquo;est pas une fonctionnalit\u00e9<\/a><\/h4>\n\n<div class=\"has-text-align-left wp-block-post-excerpt\"><p class=\"wp-block-post-excerpt__excerpt\">L&rsquo;appel est arriv\u00e9 peu apr\u00e8s 21 heures. Une voix de client, calme mais tendue en dessous. Et une question qui\u2026<\/p><p class=\"wp-block-post-excerpt__more-text\"><a class=\"wp-block-post-excerpt__more-link\" href=\"https:\/\/www.thebrokernews.ch\/fr\/la-confiance-nest-pas-une-fonctionnalite\/\">lire la suite<\/a><\/p><\/div><\/div>\n\n<\/li><li class=\"wp-block-post post-27562 post type-post status-publish format-standard has-post-thumbnail hentry category-actualites category-generalites category-podcasts tag-assureur tag-axe-sur-la-technologie tag-blesse tag-changement-dimage tag-fils tag-paul-lassureur ownarticle\">\n\n<div class=\"wp-block-group card is-layout-flow wp-block-group-is-layout-flow\">\t\t<figure>\n\t\t\t<a href=\"https:\/\/www.thebrokernews.ch\/fr\/du-fils-disparu-a-image-changeante-assure\/\" title=\"thebrokernews - About insurances: Du fils disparu au changement d&rsquo;image des assureurs\">\n\t\t\t\t<img loading=\"lazy\" decoding=\"async\" width=\"1309\" height=\"873\" src=\"https:\/\/www.thebrokernews.ch\/wp-content\/uploads\/2026\/04\/Paul-17-francais.png\" class=\"attachment-post-thumbnail size-post-thumbnail wp-post-image\" alt=\"Du fils disparu \u00e0 l&#039;image changeante des assureurs.\" srcset=\"https:\/\/www.thebrokernews.ch\/wp-content\/uploads\/2026\/04\/Paul-17-francais.png 1309w, https:\/\/www.thebrokernews.ch\/wp-content\/uploads\/2026\/04\/Paul-17-francais-300x200.png 300w, https:\/\/www.thebrokernews.ch\/wp-content\/uploads\/2026\/04\/Paul-17-francais-1024x683.png 1024w, https:\/\/www.thebrokernews.ch\/wp-content\/uploads\/2026\/04\/Paul-17-francais-768x512.png 768w\" sizes=\"auto, (max-width: 1309px) 100vw, 1309px\" \/>\t\t\t<\/a>\n\t\t<\/figure>\n\n\n\n<div class=\"wp-block-columns is-layout-flex wp-container-core-columns-is-layout-01756ba4 wp-block-columns-is-layout-flex\">\n<div class=\"wp-block-column is-layout-flow wp-block-column-is-layout-flow\" style=\"flex-basis:50%\"><div class=\"has-text-align-left wp-block-post-date\"><time datetime=\"2026-04-22T04:00:00+02:00\">22 avril 2026<\/time><\/div><\/div>\n\n\n\n<div class=\"wp-block-column is-layout-flow wp-block-column-is-layout-flow\" style=\"flex-basis:50%\"><div class=\"taxonomy-category has-text-align-right wp-block-post-terms\"><a href=\"https:\/\/www.thebrokernews.ch\/fr\/category\/actualites\/\" rel=\"tag\">Actualit\u00e9s<\/a><span class=\"wp-block-post-terms__separator\">, <\/span><a href=\"https:\/\/www.thebrokernews.ch\/fr\/category\/generalites\/\" rel=\"tag\">G\u00e9n\u00e9ralit\u00e9s<\/a><span class=\"wp-block-post-terms__separator\">, <\/span><a href=\"https:\/\/www.thebrokernews.ch\/fr\/category\/podcasts\/\" rel=\"tag\">Podcasts<\/a><\/div><\/div>\n<\/div>\n\n\n\n<hr class=\"wp-block-separator has-css-opacity\"\/>\n\n\n<h4 class=\"has-text-align-left wp-block-post-title\"><a href=\"https:\/\/www.thebrokernews.ch\/fr\/du-fils-disparu-a-image-changeante-assure\/\" target=\"_self\">Du fils disparu au changement d&rsquo;image des assureurs<\/a><\/h4>\n\n<div class=\"has-text-align-left wp-block-post-excerpt\"><p class=\"wp-block-post-excerpt__excerpt\">Une histoire personnelle du Tessin montre \u00e0 quel point l&rsquo;image du secteur de l&rsquo;assurance a \u00e9volu\u00e9 , passant de la\u2026<\/p><p class=\"wp-block-post-excerpt__more-text\"><a class=\"wp-block-post-excerpt__more-link\" href=\"https:\/\/www.thebrokernews.ch\/fr\/du-fils-disparu-a-image-changeante-assure\/\">lire la suite<\/a><\/p><\/div><\/div>\n\n<\/li><li class=\"wp-block-post post-27537 post type-post status-publish format-standard has-post-thumbnail hentry category-actualites category-generalites tag-banques-centrales tag-echec tag-equilibre tag-fiat-revolution tag-improvisation tag-largent tag-lenergie tag-la-mort tag-liquidite tag-loi-de-gresham tag-modeles tag-physique tag-precedents tag-realite tag-restrictions tag-seigneurie tag-stabilite tag-theologie tag-theorie-monetaire ownarticle\">\n\n<div class=\"wp-block-group card is-layout-flow wp-block-group-is-layout-flow\">\t\t<figure>\n\t\t\t<a href=\"https:\/\/www.thebrokernews.ch\/fr\/quand-les-modeles-echouent-la-mort-econom\/\" title=\"thebrokernews - About insurances: Quand les mod\u00e8les \u00e9chouent : La mort silencieuse de l&rsquo;\u00e9conomie\">\n\t\t\t\t<img loading=\"lazy\" decoding=\"async\" width=\"1280\" height=\"853\" src=\"https:\/\/www.thebrokernews.ch\/wp-content\/uploads\/2026\/04\/Dienstagskolumne-deutsch.png\" class=\"attachment-post-thumbnail size-post-thumbnail wp-post-image\" alt=\"Quand les mod\u00e8les \u00e9chouent parce qu&#039;un syst\u00e8me ne correspond plus \u00e0 la th\u00e9orie.\" srcset=\"https:\/\/www.thebrokernews.ch\/wp-content\/uploads\/2026\/04\/Dienstagskolumne-deutsch.png 1280w, https:\/\/www.thebrokernews.ch\/wp-content\/uploads\/2026\/04\/Dienstagskolumne-deutsch-300x200.png 300w, https:\/\/www.thebrokernews.ch\/wp-content\/uploads\/2026\/04\/Dienstagskolumne-deutsch-1024x682.png 1024w, https:\/\/www.thebrokernews.ch\/wp-content\/uploads\/2026\/04\/Dienstagskolumne-deutsch-768x512.png 768w\" sizes=\"auto, (max-width: 1280px) 100vw, 1280px\" \/>\t\t\t<\/a>\n\t\t<\/figure>\n\n\n\n<div class=\"wp-block-columns is-layout-flex wp-container-core-columns-is-layout-01756ba4 wp-block-columns-is-layout-flex\">\n<div class=\"wp-block-column is-layout-flow wp-block-column-is-layout-flow\" style=\"flex-basis:50%\"><div class=\"has-text-align-left wp-block-post-date\"><time datetime=\"2026-04-21T04:00:00+02:00\">21 avril 2026<\/time><\/div><\/div>\n\n\n\n<div class=\"wp-block-column is-layout-flow wp-block-column-is-layout-flow\" style=\"flex-basis:50%\"><div class=\"taxonomy-category has-text-align-right wp-block-post-terms\"><a href=\"https:\/\/www.thebrokernews.ch\/fr\/category\/actualites\/\" rel=\"tag\">Actualit\u00e9s<\/a><span class=\"wp-block-post-terms__separator\">, <\/span><a href=\"https:\/\/www.thebrokernews.ch\/fr\/category\/generalites\/\" rel=\"tag\">G\u00e9n\u00e9ralit\u00e9s<\/a><\/div><\/div>\n<\/div>\n\n\n\n<hr class=\"wp-block-separator has-css-opacity\"\/>\n\n\n<h4 class=\"has-text-align-left wp-block-post-title\"><a href=\"https:\/\/www.thebrokernews.ch\/fr\/quand-les-modeles-echouent-la-mort-econom\/\" target=\"_self\">Quand les mod\u00e8les \u00e9chouent : La mort silencieuse de l&rsquo;\u00e9conomie<\/a><\/h4>\n\n<div class=\"has-text-align-left wp-block-post-excerpt\"><p class=\"wp-block-post-excerpt__excerpt\">Et si ce n&rsquo;\u00e9tait pas seulement l&rsquo;argent et l&rsquo;\u00e9nergie qui perdaient leur stabilit\u00e9, mais aussi les th\u00e9ories que nous utilisons\u2026<\/p><p class=\"wp-block-post-excerpt__more-text\"><a class=\"wp-block-post-excerpt__more-link\" href=\"https:\/\/www.thebrokernews.ch\/fr\/quand-les-modeles-echouent-la-mort-econom\/\">lire la suite<\/a><\/p><\/div><\/div>\n\n<\/li><li class=\"wp-block-post post-27525 post type-post status-publish format-standard has-post-thumbnail hentry category-actualites category-generalites tag-categorie-reglementaire tag-competition tag-confiance tag-defi tag-facteur-mou tag-mefiance tag-modele-economique ownarticle\">\n\n<div class=\"wp-block-group card is-layout-flow wp-block-group-is-layout-flow\">\t\t<figure>\n\t\t\t<a href=\"https:\/\/www.thebrokernews.ch\/fr\/trust-sells-la-confiance-est-une-monnaie\/\" title=\"thebrokernews - About insurances: Trust sells : la confiance est une monnaie forte\">\n\t\t\t\t<img loading=\"lazy\" decoding=\"async\" width=\"1600\" height=\"912\" src=\"https:\/\/www.thebrokernews.ch\/wp-content\/uploads\/2026\/04\/AZ2gw3aTKYfqBZtiDlbHEg-AZ2gw3aTy-KCK0QcmpymzA.png\" class=\"attachment-post-thumbnail size-post-thumbnail wp-post-image\" alt=\"Trust sells : les clients choisissent de plus en plus souvent des fournisseurs auxquels ils font confiance pour g\u00e9rer leurs donn\u00e9es de mani\u00e8re responsable.\" srcset=\"https:\/\/www.thebrokernews.ch\/wp-content\/uploads\/2026\/04\/AZ2gw3aTKYfqBZtiDlbHEg-AZ2gw3aTy-KCK0QcmpymzA.png 1600w, https:\/\/www.thebrokernews.ch\/wp-content\/uploads\/2026\/04\/AZ2gw3aTKYfqBZtiDlbHEg-AZ2gw3aTy-KCK0QcmpymzA-300x171.png 300w, https:\/\/www.thebrokernews.ch\/wp-content\/uploads\/2026\/04\/AZ2gw3aTKYfqBZtiDlbHEg-AZ2gw3aTy-KCK0QcmpymzA-1024x584.png 1024w, https:\/\/www.thebrokernews.ch\/wp-content\/uploads\/2026\/04\/AZ2gw3aTKYfqBZtiDlbHEg-AZ2gw3aTy-KCK0QcmpymzA-768x438.png 768w, https:\/\/www.thebrokernews.ch\/wp-content\/uploads\/2026\/04\/AZ2gw3aTKYfqBZtiDlbHEg-AZ2gw3aTy-KCK0QcmpymzA-1536x876.png 1536w\" sizes=\"auto, (max-width: 1600px) 100vw, 1600px\" \/>\t\t\t<\/a>\n\t\t<\/figure>\n\n\n\n<div class=\"wp-block-columns is-layout-flex wp-container-core-columns-is-layout-01756ba4 wp-block-columns-is-layout-flex\">\n<div class=\"wp-block-column is-layout-flow wp-block-column-is-layout-flow\" style=\"flex-basis:50%\"><div class=\"has-text-align-left wp-block-post-date\"><time datetime=\"2026-04-20T04:00:00+02:00\">20 avril 2026<\/time><\/div><\/div>\n\n\n\n<div class=\"wp-block-column is-layout-flow wp-block-column-is-layout-flow\" style=\"flex-basis:50%\"><div class=\"taxonomy-category has-text-align-right wp-block-post-terms\"><a href=\"https:\/\/www.thebrokernews.ch\/fr\/category\/actualites\/\" rel=\"tag\">Actualit\u00e9s<\/a><span class=\"wp-block-post-terms__separator\">, <\/span><a href=\"https:\/\/www.thebrokernews.ch\/fr\/category\/generalites\/\" rel=\"tag\">G\u00e9n\u00e9ralit\u00e9s<\/a><\/div><\/div>\n<\/div>\n\n\n\n<hr class=\"wp-block-separator has-css-opacity\"\/>\n\n\n<h4 class=\"has-text-align-left wp-block-post-title\"><a href=\"https:\/\/www.thebrokernews.ch\/fr\/trust-sells-la-confiance-est-une-monnaie\/\" target=\"_self\">Trust sells : la confiance est une monnaie forte<\/a><\/h4>\n\n<div class=\"has-text-align-left wp-block-post-excerpt\"><p class=\"wp-block-post-excerpt__excerpt\">La confiance a longtemps \u00e9t\u00e9 un facteur mou. Aujourd&rsquo;hui, c&rsquo;est une monnaie forte. Elle est mesurable, r\u00e9glement\u00e9e et peut, en\u2026<\/p><p class=\"wp-block-post-excerpt__more-text\"><a class=\"wp-block-post-excerpt__more-link\" href=\"https:\/\/www.thebrokernews.ch\/fr\/trust-sells-la-confiance-est-une-monnaie\/\">lire la suite<\/a><\/p><\/div><\/div>\n\n<\/li><li class=\"wp-block-post post-27500 post type-post status-publish format-standard has-post-thumbnail hentry category-actualites category-generalites tag-ai tag-automatisation tag-avantage-concurrentiel tag-avenir tag-efficacite tag-future-talk tag-humain tag-hybride tag-le-sens-des-proportions tag-personnalisation tag-provision-pour-retraite tag-reglement tag-responsabilite tag-transformation ownarticle\">\n\n<div class=\"wp-block-group card is-layout-flow wp-block-group-is-layout-flow\">\t\t<figure>\n\t\t\t<a href=\"https:\/\/www.thebrokernews.ch\/fr\/lia-dans-les-regimes-de-retraite\/\" title=\"thebrokernews - About insurances: L&rsquo;IA dans les r\u00e9gimes de retraite : Une machine efficace et responsable\">\n\t\t\t\t<img loading=\"lazy\" decoding=\"async\" width=\"1836\" height=\"1074\" src=\"https:\/\/www.thebrokernews.ch\/wp-content\/uploads\/2027\/03\/Bildschirmfoto-2026-04-16-um-15.57.11.png\" class=\"attachment-post-thumbnail size-post-thumbnail wp-post-image\" alt=\"L&#039;IA dans la pr\u00e9voyance vieillesse : l&#039;avenir sera hybride et exigeant. Image : g\u00e9n\u00e9r\u00e9e par l&#039;IA.\" srcset=\"https:\/\/www.thebrokernews.ch\/wp-content\/uploads\/2027\/03\/Bildschirmfoto-2026-04-16-um-15.57.11.png 1836w, https:\/\/www.thebrokernews.ch\/wp-content\/uploads\/2027\/03\/Bildschirmfoto-2026-04-16-um-15.57.11-300x175.png 300w, https:\/\/www.thebrokernews.ch\/wp-content\/uploads\/2027\/03\/Bildschirmfoto-2026-04-16-um-15.57.11-1024x599.png 1024w, https:\/\/www.thebrokernews.ch\/wp-content\/uploads\/2027\/03\/Bildschirmfoto-2026-04-16-um-15.57.11-768x449.png 768w, https:\/\/www.thebrokernews.ch\/wp-content\/uploads\/2027\/03\/Bildschirmfoto-2026-04-16-um-15.57.11-1536x899.png 1536w\" sizes=\"auto, (max-width: 1836px) 100vw, 1836px\" \/>\t\t\t<\/a>\n\t\t<\/figure>\n\n\n\n<div class=\"wp-block-columns is-layout-flex wp-container-core-columns-is-layout-01756ba4 wp-block-columns-is-layout-flex\">\n<div class=\"wp-block-column is-layout-flow wp-block-column-is-layout-flow\" style=\"flex-basis:50%\"><div class=\"has-text-align-left wp-block-post-date\"><time datetime=\"2026-04-17T04:00:00+02:00\">17 avril 2026<\/time><\/div><\/div>\n\n\n\n<div class=\"wp-block-column is-layout-flow wp-block-column-is-layout-flow\" style=\"flex-basis:50%\"><div class=\"taxonomy-category has-text-align-right wp-block-post-terms\"><a href=\"https:\/\/www.thebrokernews.ch\/fr\/category\/actualites\/\" rel=\"tag\">Actualit\u00e9s<\/a><span class=\"wp-block-post-terms__separator\">, <\/span><a href=\"https:\/\/www.thebrokernews.ch\/fr\/category\/generalites\/\" rel=\"tag\">G\u00e9n\u00e9ralit\u00e9s<\/a><\/div><\/div>\n<\/div>\n\n\n\n<hr class=\"wp-block-separator has-css-opacity\"\/>\n\n\n<h4 class=\"has-text-align-left wp-block-post-title\"><a href=\"https:\/\/www.thebrokernews.ch\/fr\/lia-dans-les-regimes-de-retraite\/\" target=\"_self\">L&rsquo;IA dans les r\u00e9gimes de retraite : Une machine efficace et responsable<\/a><\/h4>\n\n<div class=\"has-text-align-left wp-block-post-excerpt\"><p class=\"wp-block-post-excerpt__excerpt\">L&rsquo;intelligence artificielle modifie les r\u00e9gimes de retraite plus rapidement que pr\u00e9vu. Entre les gains d&rsquo;efficacit\u00e9, les solutions personnalis\u00e9es et les\u2026<\/p><p class=\"wp-block-post-excerpt__more-text\"><a class=\"wp-block-post-excerpt__more-link\" href=\"https:\/\/www.thebrokernews.ch\/fr\/lia-dans-les-regimes-de-retraite\/\">lire la suite<\/a><\/p><\/div><\/div>\n\n<\/li><li class=\"wp-block-post post-27486 post type-post status-publish format-standard has-post-thumbnail hentry category-actualites category-generalites tag-deuxieme-pilier tag-etude-sur-le-handicap tag-gestion-des-dossiers tag-iv-pensions tag-perspectives tag-petits-fonds-de-pension tag-reintegration tag-vue-densemble ownarticle\">\n\n<div class=\"wp-block-group card is-layout-flow wp-block-group-is-layout-flow\">\t\t<figure>\n\t\t\t<a href=\"https:\/\/www.thebrokernews.ch\/fr\/etude-sur-le-handicap-realisee-par-pk-ruck\/\" title=\"thebrokernews - About insurances: \u00c9tude sur le handicap r\u00e9alis\u00e9e par PK R\u00fcck : Vue d&rsquo;ensemble, perspectives et importance pour le deuxi\u00e8me pilier\">\n\t\t\t\t<img loading=\"lazy\" decoding=\"async\" width=\"1920\" height=\"1080\" src=\"https:\/\/www.thebrokernews.ch\/wp-content\/uploads\/2026\/04\/Andreas-Heimer.png\" class=\"attachment-post-thumbnail size-post-thumbnail wp-post-image\" alt=\"\u00c9tude sur l&#039;invalidit\u00e9 de la PK R\u00fcck : aper\u00e7u, perspectives et implications pour le deuxi\u00e8me pilier : Andreas Heimer, CCO et membre de la direction de la PK R\u00fcck.\" srcset=\"https:\/\/www.thebrokernews.ch\/wp-content\/uploads\/2026\/04\/Andreas-Heimer.png 1920w, https:\/\/www.thebrokernews.ch\/wp-content\/uploads\/2026\/04\/Andreas-Heimer-300x169.png 300w, https:\/\/www.thebrokernews.ch\/wp-content\/uploads\/2026\/04\/Andreas-Heimer-1024x576.png 1024w, https:\/\/www.thebrokernews.ch\/wp-content\/uploads\/2026\/04\/Andreas-Heimer-768x432.png 768w, https:\/\/www.thebrokernews.ch\/wp-content\/uploads\/2026\/04\/Andreas-Heimer-1536x864.png 1536w\" sizes=\"auto, (max-width: 1920px) 100vw, 1920px\" \/>\t\t\t<\/a>\n\t\t<\/figure>\n\n\n\n<div class=\"wp-block-columns is-layout-flex wp-container-core-columns-is-layout-01756ba4 wp-block-columns-is-layout-flex\">\n<div class=\"wp-block-column is-layout-flow wp-block-column-is-layout-flow\" style=\"flex-basis:50%\"><div class=\"has-text-align-left wp-block-post-date\"><time datetime=\"2026-04-16T04:00:00+02:00\">16 avril 2026<\/time><\/div><\/div>\n\n\n\n<div class=\"wp-block-column is-layout-flow wp-block-column-is-layout-flow\" style=\"flex-basis:50%\"><div class=\"taxonomy-category has-text-align-right wp-block-post-terms\"><a href=\"https:\/\/www.thebrokernews.ch\/fr\/category\/actualites\/\" rel=\"tag\">Actualit\u00e9s<\/a><span class=\"wp-block-post-terms__separator\">, <\/span><a href=\"https:\/\/www.thebrokernews.ch\/fr\/category\/generalites\/\" rel=\"tag\">G\u00e9n\u00e9ralit\u00e9s<\/a><\/div><\/div>\n<\/div>\n\n\n\n<hr class=\"wp-block-separator has-css-opacity\"\/>\n\n\n<h4 class=\"has-text-align-left wp-block-post-title\"><a href=\"https:\/\/www.thebrokernews.ch\/fr\/etude-sur-le-handicap-realisee-par-pk-ruck\/\" target=\"_self\">\u00c9tude sur le handicap r\u00e9alis\u00e9e par PK R\u00fcck : Vue d&rsquo;ensemble, perspectives et importance pour le deuxi\u00e8me pilier<\/a><\/h4>\n\n<div class=\"has-text-align-left wp-block-post-excerpt\"><p class=\"wp-block-post-excerpt__excerpt\">L&rsquo;\u00e9tude sur le handicap 2024 de PK R\u00fcck dresse un tableau clair : le risque d&rsquo;invalidit\u00e9 a fortement augment\u00e9 depuis\u2026<\/p><p class=\"wp-block-post-excerpt__more-text\"><a class=\"wp-block-post-excerpt__more-link\" href=\"https:\/\/www.thebrokernews.ch\/fr\/etude-sur-le-handicap-realisee-par-pk-ruck\/\">lire la suite<\/a><\/p><\/div><\/div>\n\n<\/li><li class=\"wp-block-post post-27410 post type-post status-publish format-standard has-post-thumbnail hentry category-actualites category-generalites category-podcasts tag-charles-ives tag-efficacite tag-lame tag-machines tag-souscription tag-technologie\">\n\n<div class=\"wp-block-group card is-layout-flow wp-block-group-is-layout-flow\">\t\t<figure>\n\t\t\t<a href=\"https:\/\/www.thebrokernews.ch\/fr\/quand-les-machines-composent-les-reglement\/\" title=\"thebrokernews - About insurances: Quand les machines composent les r\u00e8glements\">\n\t\t\t\t<img loading=\"lazy\" decoding=\"async\" width=\"1309\" height=\"873\" src=\"https:\/\/www.thebrokernews.ch\/wp-content\/uploads\/2026\/04\/Paul-16-francais.png\" class=\"attachment-post-thumbnail size-post-thumbnail wp-post-image\" alt=\"Quand les machines composent les r\u00e9glements.\" srcset=\"https:\/\/www.thebrokernews.ch\/wp-content\/uploads\/2026\/04\/Paul-16-francais.png 1309w, https:\/\/www.thebrokernews.ch\/wp-content\/uploads\/2026\/04\/Paul-16-francais-300x200.png 300w, https:\/\/www.thebrokernews.ch\/wp-content\/uploads\/2026\/04\/Paul-16-francais-1024x683.png 1024w, https:\/\/www.thebrokernews.ch\/wp-content\/uploads\/2026\/04\/Paul-16-francais-768x512.png 768w\" sizes=\"auto, (max-width: 1309px) 100vw, 1309px\" \/>\t\t\t<\/a>\n\t\t<\/figure>\n\n\n\n<div class=\"wp-block-columns is-layout-flex wp-container-core-columns-is-layout-01756ba4 wp-block-columns-is-layout-flex\">\n<div class=\"wp-block-column is-layout-flow wp-block-column-is-layout-flow\" style=\"flex-basis:50%\"><div class=\"has-text-align-left wp-block-post-date\"><time datetime=\"2026-04-15T04:00:00+02:00\">15 avril 2026<\/time><\/div><\/div>\n\n\n\n<div class=\"wp-block-column is-layout-flow wp-block-column-is-layout-flow\" style=\"flex-basis:50%\"><div class=\"taxonomy-category has-text-align-right wp-block-post-terms\"><a href=\"https:\/\/www.thebrokernews.ch\/fr\/category\/actualites\/\" rel=\"tag\">Actualit\u00e9s<\/a><span class=\"wp-block-post-terms__separator\">, <\/span><a href=\"https:\/\/www.thebrokernews.ch\/fr\/category\/generalites\/\" rel=\"tag\">G\u00e9n\u00e9ralit\u00e9s<\/a><span class=\"wp-block-post-terms__separator\">, <\/span><a href=\"https:\/\/www.thebrokernews.ch\/fr\/category\/podcasts\/\" rel=\"tag\">Podcasts<\/a><\/div><\/div>\n<\/div>\n\n\n\n<hr class=\"wp-block-separator has-css-opacity\"\/>\n\n\n<h4 class=\"has-text-align-left wp-block-post-title\"><a href=\"https:\/\/www.thebrokernews.ch\/fr\/quand-les-machines-composent-les-reglement\/\" target=\"_self\">Quand les machines composent les r\u00e8glements<\/a><\/h4>\n\n<div class=\"has-text-align-left wp-block-post-excerpt\"><p class=\"wp-block-post-excerpt__excerpt\">La num\u00e9risation du monde de l&rsquo;assurance progresse et, avec elle, la vision selon laquelle les syst\u00e8mes ne se contenteront pas\u2026<\/p><p class=\"wp-block-post-excerpt__more-text\"><a class=\"wp-block-post-excerpt__more-link\" href=\"https:\/\/www.thebrokernews.ch\/fr\/quand-les-machines-composent-les-reglement\/\">lire la suite<\/a><\/p><\/div><\/div>\n\n<\/li><li class=\"wp-block-post post-27384 post type-post status-publish format-standard has-post-thumbnail hentry category-actualites category-generalites category-non-categorise tag-avertissement tag-consequence tag-echelle tag-evaluation tag-imprimer tag-largent tag-lheure tag-point-de-rupture tag-previsions tag-prix tag-restriction tag-zone-euro ownarticle\">\n\n<div class=\"wp-block-group card is-layout-flow wp-block-group-is-layout-flow\">\t\t<figure>\n\t\t\t<a href=\"https:\/\/www.thebrokernews.ch\/fr\/quand-largent-reevalue-le-prix-du-temps\/\" title=\"thebrokernews - About insurances: Quand l&rsquo;argent r\u00e9\u00e9value le prix du temps\">\n\t\t\t\t<img loading=\"lazy\" decoding=\"async\" width=\"1280\" height=\"853\" src=\"https:\/\/www.thebrokernews.ch\/wp-content\/uploads\/2026\/04\/Chronique-du-mardi-Eric.png\" class=\"attachment-post-thumbnail size-post-thumbnail wp-post-image\" alt=\"\u00ab Si les obligations valorisent le temps, alors l&#039;argent est le moyen par lequel le temps s&#039;ach\u00e8te et se vend \u00bb : Eric Lefebvre.\" srcset=\"https:\/\/www.thebrokernews.ch\/wp-content\/uploads\/2026\/04\/Chronique-du-mardi-Eric.png 1280w, https:\/\/www.thebrokernews.ch\/wp-content\/uploads\/2026\/04\/Chronique-du-mardi-Eric-300x200.png 300w, https:\/\/www.thebrokernews.ch\/wp-content\/uploads\/2026\/04\/Chronique-du-mardi-Eric-1024x682.png 1024w, https:\/\/www.thebrokernews.ch\/wp-content\/uploads\/2026\/04\/Chronique-du-mardi-Eric-768x512.png 768w\" sizes=\"auto, (max-width: 1280px) 100vw, 1280px\" \/>\t\t\t<\/a>\n\t\t<\/figure>\n\n\n\n<div class=\"wp-block-columns is-layout-flex wp-container-core-columns-is-layout-01756ba4 wp-block-columns-is-layout-flex\">\n<div class=\"wp-block-column is-layout-flow wp-block-column-is-layout-flow\" style=\"flex-basis:50%\"><div class=\"has-text-align-left wp-block-post-date\"><time datetime=\"2026-04-14T04:00:00+02:00\">14 avril 2026<\/time><\/div><\/div>\n\n\n\n<div class=\"wp-block-column is-layout-flow wp-block-column-is-layout-flow\" style=\"flex-basis:50%\"><div class=\"taxonomy-category has-text-align-right wp-block-post-terms\"><a href=\"https:\/\/www.thebrokernews.ch\/fr\/category\/actualites\/\" rel=\"tag\">Actualit\u00e9s<\/a><span class=\"wp-block-post-terms__separator\">, <\/span><a href=\"https:\/\/www.thebrokernews.ch\/fr\/category\/generalites\/\" rel=\"tag\">G\u00e9n\u00e9ralit\u00e9s<\/a><span class=\"wp-block-post-terms__separator\">, <\/span><a href=\"https:\/\/www.thebrokernews.ch\/fr\/category\/non-categorise\/\" rel=\"tag\">Non cat\u00e9goris\u00e9<\/a><\/div><\/div>\n<\/div>\n\n\n\n<hr class=\"wp-block-separator has-css-opacity\"\/>\n\n\n<h4 class=\"has-text-align-left wp-block-post-title\"><a href=\"https:\/\/www.thebrokernews.ch\/fr\/quand-largent-reevalue-le-prix-du-temps\/\" target=\"_self\">Quand l&rsquo;argent r\u00e9\u00e9value le prix du temps<\/a><\/h4>\n\n<div class=\"has-text-align-left wp-block-post-excerpt\"><p class=\"wp-block-post-excerpt__excerpt\">L&rsquo;argent est plus qu&rsquo;un simple moyen de paiement : c&rsquo;est le moyen de financer l&rsquo;avenir. Lorsque l&rsquo;\u00e9nergie devient rare, l&rsquo;inflation\u2026<\/p><p class=\"wp-block-post-excerpt__more-text\"><a class=\"wp-block-post-excerpt__more-link\" href=\"https:\/\/www.thebrokernews.ch\/fr\/quand-largent-reevalue-le-prix-du-temps\/\">lire la suite<\/a><\/p><\/div><\/div>\n\n<\/li><li class=\"wp-block-post post-27305 post type-post status-publish format-standard has-post-thumbnail hentry category-actualites category-generalites category-interviews tag-ai tag-assurance tag-assurance-integree tag-bouleversement tag-changements-au-niveau-du-pdg-et-de-la-direction tag-competitivite tag-definir-lorientation-strategique tag-grandes-entreprises tag-ifz-insurance-summit-2026 tag-loptimisme-technologique tag-niveau-dencadrement tag-pertinence tag-pression-pour-agir tag-realite tag-securiser-linterface-client tag-strategie tag-technologie tag-transformation tag-une-gestion-des-actifs-et-des-passifs-adaptee-aux-risques tag-utilisation-coherente-des-donnees ownarticle\">\n\n<div class=\"wp-block-group card is-layout-flow wp-block-group-is-layout-flow\">\t\t<figure>\n\t\t\t<a href=\"https:\/\/www.thebrokernews.ch\/fr\/lassurance-en-transition-comment-la-techn\/\" title=\"thebrokernews - About insurances: L&rsquo;assurance en transition : comment la technologie, la strat\u00e9gie et la r\u00e9alit\u00e9 s&rsquo;entrechoquent\">\n\t\t\t\t<img loading=\"lazy\" decoding=\"async\" width=\"2560\" height=\"1709\" src=\"https:\/\/www.thebrokernews.ch\/wp-content\/uploads\/2026\/04\/Florian_Schreiber_B-scaled.jpg\" class=\"attachment-post-thumbnail size-post-thumbnail wp-post-image\" alt=\"\u00ab Nous observons actuellement une dynamique remarquable au niveau de la direction, avec de nombreux changements au poste de PDG et au sein de la direction \u00bb : Prof. Dr Florian Schreiber.\" srcset=\"https:\/\/www.thebrokernews.ch\/wp-content\/uploads\/2026\/04\/Florian_Schreiber_B-scaled.jpg 2560w, https:\/\/www.thebrokernews.ch\/wp-content\/uploads\/2026\/04\/Florian_Schreiber_B-300x200.jpg 300w, https:\/\/www.thebrokernews.ch\/wp-content\/uploads\/2026\/04\/Florian_Schreiber_B-1024x683.jpg 1024w, https:\/\/www.thebrokernews.ch\/wp-content\/uploads\/2026\/04\/Florian_Schreiber_B-768x513.jpg 768w, https:\/\/www.thebrokernews.ch\/wp-content\/uploads\/2026\/04\/Florian_Schreiber_B-1536x1025.jpg 1536w, https:\/\/www.thebrokernews.ch\/wp-content\/uploads\/2026\/04\/Florian_Schreiber_B-2048x1367.jpg 2048w\" sizes=\"auto, (max-width: 2560px) 100vw, 2560px\" \/>\t\t\t<\/a>\n\t\t<\/figure>\n\n\n\n<div class=\"wp-block-columns is-layout-flex wp-container-core-columns-is-layout-01756ba4 wp-block-columns-is-layout-flex\">\n<div class=\"wp-block-column is-layout-flow wp-block-column-is-layout-flow\" style=\"flex-basis:50%\"><div class=\"has-text-align-left wp-block-post-date\"><time datetime=\"2026-04-13T13:30:00+02:00\">13 avril 2026<\/time><\/div><\/div>\n\n\n\n<div class=\"wp-block-column is-layout-flow wp-block-column-is-layout-flow\" style=\"flex-basis:50%\"><div class=\"taxonomy-category has-text-align-right wp-block-post-terms\"><a href=\"https:\/\/www.thebrokernews.ch\/fr\/category\/actualites\/\" rel=\"tag\">Actualit\u00e9s<\/a><span class=\"wp-block-post-terms__separator\">, <\/span><a href=\"https:\/\/www.thebrokernews.ch\/fr\/category\/generalites\/\" rel=\"tag\">G\u00e9n\u00e9ralit\u00e9s<\/a><span class=\"wp-block-post-terms__separator\">, <\/span><a href=\"https:\/\/www.thebrokernews.ch\/fr\/category\/interviews\/\" rel=\"tag\">Interviews<\/a><\/div><\/div>\n<\/div>\n\n\n\n<hr class=\"wp-block-separator has-css-opacity\"\/>\n\n\n<h4 class=\"has-text-align-left wp-block-post-title\"><a href=\"https:\/\/www.thebrokernews.ch\/fr\/lassurance-en-transition-comment-la-techn\/\" target=\"_self\">L&rsquo;assurance en transition : comment la technologie, la strat\u00e9gie et la r\u00e9alit\u00e9 s&rsquo;entrechoquent<\/a><\/h4>\n\n<div class=\"has-text-align-left wp-block-post-excerpt\"><p class=\"wp-block-post-excerpt__excerpt\">A l&rsquo;approche de l&rsquo;IFZ Insurance Summit 2026, qui se tiendra le 7 mai 2026, le pr\u00e9sident de la conf\u00e9rence, le\u2026<\/p><p class=\"wp-block-post-excerpt__more-text\"><a class=\"wp-block-post-excerpt__more-link\" href=\"https:\/\/www.thebrokernews.ch\/fr\/lassurance-en-transition-comment-la-techn\/\">lire la suite<\/a><\/p><\/div><\/div>\n\n<\/li><li class=\"wp-block-post post-27321 post type-post status-publish format-standard has-post-thumbnail hentry category-actualites category-generalites tag-facteur-dinnovation tag-institut-suisse-du-futur tag-la-realite-de-la-production tag-progres tag-realite tag-resonance tag-responsabilite tag-robots tag-technique ownarticle\">\n\n<div class=\"wp-block-group card is-layout-flow wp-block-group-is-layout-flow\">\t\t<figure>\n\t\t\t<a href=\"https:\/\/www.thebrokernews.ch\/fr\/robots-realite-et-resonance-symposium\/\" title=\"thebrokernews - About insurances: Robots, r\u00e9alit\u00e9 et r\u00e9sonance\">\n\t\t\t\t<img loading=\"lazy\" decoding=\"async\" width=\"2560\" height=\"1556\" src=\"https:\/\/www.thebrokernews.ch\/wp-content\/uploads\/2026\/04\/ab331b96-a7f6-4d14-b6c3-28651ab21916_titelbild_text_2-1-scaled.jpg\" class=\"attachment-post-thumbnail size-post-thumbnail wp-post-image\" alt=\"Robots, r\u00e9alit\u00e9 et r\u00e9sonance : l&#039;AI Future Council et ses partenaires au Future Symposium.\" srcset=\"https:\/\/www.thebrokernews.ch\/wp-content\/uploads\/2026\/04\/ab331b96-a7f6-4d14-b6c3-28651ab21916_titelbild_text_2-1-scaled.jpg 2560w, https:\/\/www.thebrokernews.ch\/wp-content\/uploads\/2026\/04\/ab331b96-a7f6-4d14-b6c3-28651ab21916_titelbild_text_2-1-300x182.jpg 300w, https:\/\/www.thebrokernews.ch\/wp-content\/uploads\/2026\/04\/ab331b96-a7f6-4d14-b6c3-28651ab21916_titelbild_text_2-1-1024x622.jpg 1024w, https:\/\/www.thebrokernews.ch\/wp-content\/uploads\/2026\/04\/ab331b96-a7f6-4d14-b6c3-28651ab21916_titelbild_text_2-1-768x467.jpg 768w, https:\/\/www.thebrokernews.ch\/wp-content\/uploads\/2026\/04\/ab331b96-a7f6-4d14-b6c3-28651ab21916_titelbild_text_2-1-1536x934.jpg 1536w, https:\/\/www.thebrokernews.ch\/wp-content\/uploads\/2026\/04\/ab331b96-a7f6-4d14-b6c3-28651ab21916_titelbild_text_2-1-2048x1245.jpg 2048w\" sizes=\"auto, (max-width: 2560px) 100vw, 2560px\" \/>\t\t\t<\/a>\n\t\t<\/figure>\n\n\n\n<div class=\"wp-block-columns is-layout-flex wp-container-core-columns-is-layout-01756ba4 wp-block-columns-is-layout-flex\">\n<div class=\"wp-block-column is-layout-flow wp-block-column-is-layout-flow\" style=\"flex-basis:50%\"><div class=\"has-text-align-left wp-block-post-date\"><time datetime=\"2026-04-13T04:00:00+02:00\">13 avril 2026<\/time><\/div><\/div>\n\n\n\n<div class=\"wp-block-column is-layout-flow wp-block-column-is-layout-flow\" style=\"flex-basis:50%\"><div class=\"taxonomy-category has-text-align-right wp-block-post-terms\"><a href=\"https:\/\/www.thebrokernews.ch\/fr\/category\/actualites\/\" rel=\"tag\">Actualit\u00e9s<\/a><span class=\"wp-block-post-terms__separator\">, <\/span><a href=\"https:\/\/www.thebrokernews.ch\/fr\/category\/generalites\/\" rel=\"tag\">G\u00e9n\u00e9ralit\u00e9s<\/a><\/div><\/div>\n<\/div>\n\n\n\n<hr class=\"wp-block-separator has-css-opacity\"\/>\n\n\n<h4 class=\"has-text-align-left wp-block-post-title\"><a href=\"https:\/\/www.thebrokernews.ch\/fr\/robots-realite-et-resonance-symposium\/\" target=\"_self\">Robots, r\u00e9alit\u00e9 et r\u00e9sonance<\/a><\/h4>\n\n<div class=\"has-text-align-left wp-block-post-excerpt\"><p class=\"wp-block-post-excerpt__excerpt\">Lors de la deuxi\u00e8me journ\u00e9e du Symposium sur l&rsquo;avenir du Swiss Future Institute (26\/27 mars 2026), la sobri\u00e9t\u00e9 technologique a\u2026<\/p><p class=\"wp-block-post-excerpt__more-text\"><a class=\"wp-block-post-excerpt__more-link\" href=\"https:\/\/www.thebrokernews.ch\/fr\/robots-realite-et-resonance-symposium\/\">lire la suite<\/a><\/p><\/div><\/div>\n\n<\/li><li class=\"wp-block-post post-27290 post type-post status-publish format-standard hentry category-actualites category-generalites category-interviews tag-assurance tag-bouleversement tag-competitivite tag-ifz-insurance-summit-2026 tag-pertinence tag-realite tag-rencontre tag-strategie tag-technologie tag-transformation ownarticle\">\n\n<div class=\"wp-block-group card is-layout-flow wp-block-group-is-layout-flow\">\t\t<figure>\n\t\t\t<a href=\"https:\/\/www.thebrokernews.ch\/fr\/lassurance-en-pleine-mutation-technologie\/\" title=\"thebrokernews - About insurances: L&rsquo;assurance en pleine mutation : comment la technologie, la strat\u00e9gie et la r\u00e9alit\u00e9 se rencontrent\">\n\t\t\t\t\t\t\t<\/a>\n\t\t<\/figure>\n\n\n\n<div class=\"wp-block-columns is-layout-flex wp-container-core-columns-is-layout-01756ba4 wp-block-columns-is-layout-flex\">\n<div class=\"wp-block-column is-layout-flow wp-block-column-is-layout-flow\" style=\"flex-basis:50%\"><div class=\"has-text-align-left wp-block-post-date\"><time datetime=\"2026-04-10T13:30:00+02:00\">10 avril 2026<\/time><\/div><\/div>\n\n\n\n<div class=\"wp-block-column is-layout-flow wp-block-column-is-layout-flow\" style=\"flex-basis:50%\"><div class=\"taxonomy-category has-text-align-right wp-block-post-terms\"><a href=\"https:\/\/www.thebrokernews.ch\/fr\/category\/actualites\/\" rel=\"tag\">Actualit\u00e9s<\/a><span class=\"wp-block-post-terms__separator\">, <\/span><a href=\"https:\/\/www.thebrokernews.ch\/fr\/category\/generalites\/\" rel=\"tag\">G\u00e9n\u00e9ralit\u00e9s<\/a><span class=\"wp-block-post-terms__separator\">, <\/span><a href=\"https:\/\/www.thebrokernews.ch\/fr\/category\/interviews\/\" rel=\"tag\">Interviews<\/a><\/div><\/div>\n<\/div>\n\n\n\n<hr class=\"wp-block-separator has-css-opacity\"\/>\n\n\n<h4 class=\"has-text-align-left wp-block-post-title\"><a href=\"https:\/\/www.thebrokernews.ch\/fr\/lassurance-en-pleine-mutation-technologie\/\" target=\"_self\">L&rsquo;assurance en pleine mutation : comment la technologie, la strat\u00e9gie et la r\u00e9alit\u00e9 se rencontrent<\/a><\/h4>\n\n<div class=\"has-text-align-left wp-block-post-excerpt\"><p class=\"wp-block-post-excerpt__excerpt\">En amont de l&rsquo;IFZ Insurance Summit 2026, qui se tiendra le 7 mai 2026, le professeur Florian Schreiber, responsable de\u2026<\/p><p class=\"wp-block-post-excerpt__more-text\"><a class=\"wp-block-post-excerpt__more-link\" href=\"https:\/\/www.thebrokernews.ch\/fr\/lassurance-en-pleine-mutation-technologie\/\">lire la suite<\/a><\/p><\/div><\/div>\n\n<\/li><li class=\"wp-block-post post-27012 post type-post status-publish format-standard has-post-thumbnail hentry category-actualites category-generalites tag-ai tag-avenir tag-centre tag-decision tag-erreur tag-experience-2 tag-futur-symposium tag-institut-suisse-du-futur tag-match-nul-et-vierge tag-mise-en-oeuvre tag-outil tag-outils tag-strategie tag-transformation tag-utiliser ownarticle\">\n\n<div class=\"wp-block-group card is-layout-flow wp-block-group-is-layout-flow\">\t\t<figure>\n\t\t\t<a href=\"https:\/\/www.thebrokernews.ch\/fr\/construire-lavenir-ensemble-futuresymposiu\/\" title=\"thebrokernews - About insurances: Construire l&rsquo;avenir ensemble\">\n\t\t\t\t<img loading=\"lazy\" decoding=\"async\" width=\"1752\" height=\"1110\" src=\"https:\/\/www.thebrokernews.ch\/wp-content\/uploads\/2026\/04\/Bildschirmfoto-2026-03-30-um-15.50.10.png\" class=\"attachment-post-thumbnail size-post-thumbnail wp-post-image\" alt=\"Construire l&#039;avenir ensemble avec Katrin J. Yuan, CEO du Swiss Future Institute, lors du Future Symposium des 26 et 27 mars 2026 sur l&#039;Uetliberg avec vue panoramique sur Zurich.\" srcset=\"https:\/\/www.thebrokernews.ch\/wp-content\/uploads\/2026\/04\/Bildschirmfoto-2026-03-30-um-15.50.10.png 1752w, https:\/\/www.thebrokernews.ch\/wp-content\/uploads\/2026\/04\/Bildschirmfoto-2026-03-30-um-15.50.10-300x190.png 300w, https:\/\/www.thebrokernews.ch\/wp-content\/uploads\/2026\/04\/Bildschirmfoto-2026-03-30-um-15.50.10-1024x649.png 1024w, https:\/\/www.thebrokernews.ch\/wp-content\/uploads\/2026\/04\/Bildschirmfoto-2026-03-30-um-15.50.10-768x487.png 768w, https:\/\/www.thebrokernews.ch\/wp-content\/uploads\/2026\/04\/Bildschirmfoto-2026-03-30-um-15.50.10-1536x973.png 1536w\" sizes=\"auto, (max-width: 1752px) 100vw, 1752px\" \/>\t\t\t<\/a>\n\t\t<\/figure>\n\n\n\n<div class=\"wp-block-columns is-layout-flex wp-container-core-columns-is-layout-01756ba4 wp-block-columns-is-layout-flex\">\n<div class=\"wp-block-column is-layout-flow wp-block-column-is-layout-flow\" style=\"flex-basis:50%\"><div class=\"has-text-align-left wp-block-post-date\"><time datetime=\"2026-04-10T04:00:00+02:00\">10 avril 2026<\/time><\/div><\/div>\n\n\n\n<div class=\"wp-block-column is-layout-flow wp-block-column-is-layout-flow\" style=\"flex-basis:50%\"><div class=\"taxonomy-category has-text-align-right wp-block-post-terms\"><a href=\"https:\/\/www.thebrokernews.ch\/fr\/category\/actualites\/\" rel=\"tag\">Actualit\u00e9s<\/a><span class=\"wp-block-post-terms__separator\">, <\/span><a href=\"https:\/\/www.thebrokernews.ch\/fr\/category\/generalites\/\" rel=\"tag\">G\u00e9n\u00e9ralit\u00e9s<\/a><\/div><\/div>\n<\/div>\n\n\n\n<hr class=\"wp-block-separator has-css-opacity\"\/>\n\n\n<h4 class=\"has-text-align-left wp-block-post-title\"><a href=\"https:\/\/www.thebrokernews.ch\/fr\/construire-lavenir-ensemble-futuresymposiu\/\" target=\"_self\">Construire l&rsquo;avenir ensemble<\/a><\/h4>\n\n<div class=\"has-text-align-left wp-block-post-excerpt\"><p class=\"wp-block-post-excerpt__excerpt\">Les 26 et 27 mars 2026, des penseurs, des entrepreneurs, des family offices, des conseils d&rsquo;administration et des praticiens se\u2026<\/p><p class=\"wp-block-post-excerpt__more-text\"><a class=\"wp-block-post-excerpt__more-link\" href=\"https:\/\/www.thebrokernews.ch\/fr\/construire-lavenir-ensemble-futuresymposiu\/\">lire la suite<\/a><\/p><\/div><\/div>\n\n<\/li><li class=\"wp-block-post post-27156 post type-post status-publish format-standard has-post-thumbnail hentry category-actualites category-generalites category-interviews ownarticle\">\n\n<div class=\"wp-block-group card is-layout-flow wp-block-group-is-layout-flow\">\t\t<figure>\n\t\t\t<a href=\"https:\/\/www.thebrokernews.ch\/fr\/leurope-nest-pas-marche-domestique-encore\/\" title=\"thebrokernews - About insurances: \u00ab\u00a0L&rsquo;Europe n&rsquo;est pas un march\u00e9 domestique &#8211; pas encore\u00a0\u00bb.\">\n\t\t\t\t<img loading=\"lazy\" decoding=\"async\" width=\"2560\" height=\"1439\" src=\"https:\/\/www.thebrokernews.ch\/wp-content\/uploads\/2026\/04\/Benjamin-Verlingue-scaled.jpg\" class=\"attachment-post-thumbnail size-post-thumbnail wp-post-image\" alt=\"&quot;L&#039;Europe n&#039;est pas un march\u00e9 domestique - pas encore&quot; : Benjamin Verlingue, CEO du groupe Adela\u00efde.\" srcset=\"https:\/\/www.thebrokernews.ch\/wp-content\/uploads\/2026\/04\/Benjamin-Verlingue-scaled.jpg 2560w, https:\/\/www.thebrokernews.ch\/wp-content\/uploads\/2026\/04\/Benjamin-Verlingue-300x169.jpg 300w, https:\/\/www.thebrokernews.ch\/wp-content\/uploads\/2026\/04\/Benjamin-Verlingue-1024x575.jpg 1024w, https:\/\/www.thebrokernews.ch\/wp-content\/uploads\/2026\/04\/Benjamin-Verlingue-768x432.jpg 768w, https:\/\/www.thebrokernews.ch\/wp-content\/uploads\/2026\/04\/Benjamin-Verlingue-1536x863.jpg 1536w, https:\/\/www.thebrokernews.ch\/wp-content\/uploads\/2026\/04\/Benjamin-Verlingue-2048x1151.jpg 2048w\" sizes=\"auto, (max-width: 2560px) 100vw, 2560px\" \/>\t\t\t<\/a>\n\t\t<\/figure>\n\n\n\n<div class=\"wp-block-columns is-layout-flex wp-container-core-columns-is-layout-01756ba4 wp-block-columns-is-layout-flex\">\n<div class=\"wp-block-column is-layout-flow wp-block-column-is-layout-flow\" style=\"flex-basis:50%\"><div class=\"has-text-align-left wp-block-post-date\"><time datetime=\"2026-04-09T13:30:00+02:00\">9 avril 2026<\/time><\/div><\/div>\n\n\n\n<div class=\"wp-block-column is-layout-flow wp-block-column-is-layout-flow\" style=\"flex-basis:50%\"><div class=\"taxonomy-category has-text-align-right wp-block-post-terms\"><a href=\"https:\/\/www.thebrokernews.ch\/fr\/category\/actualites\/\" rel=\"tag\">Actualit\u00e9s<\/a><span class=\"wp-block-post-terms__separator\">, <\/span><a href=\"https:\/\/www.thebrokernews.ch\/fr\/category\/generalites\/\" rel=\"tag\">G\u00e9n\u00e9ralit\u00e9s<\/a><span class=\"wp-block-post-terms__separator\">, <\/span><a href=\"https:\/\/www.thebrokernews.ch\/fr\/category\/interviews\/\" rel=\"tag\">Interviews<\/a><\/div><\/div>\n<\/div>\n\n\n\n<hr class=\"wp-block-separator has-css-opacity\"\/>\n\n\n<h4 class=\"has-text-align-left wp-block-post-title\"><a href=\"https:\/\/www.thebrokernews.ch\/fr\/leurope-nest-pas-marche-domestique-encore\/\" target=\"_self\">\u00ab\u00a0L&rsquo;Europe n&rsquo;est pas un march\u00e9 domestique &#8211; pas encore\u00a0\u00bb.<\/a><\/h4>\n\n<div class=\"has-text-align-left wp-block-post-excerpt\"><p class=\"wp-block-post-excerpt__excerpt\">Le groupe Adela\u00efde conna\u00eet une croissance \u00e0 deux chiffres et poursuit son expansion. Son directeur g\u00e9n\u00e9ral, Benjamin Verlingue, explique pourquoi\u2026<\/p><p class=\"wp-block-post-excerpt__more-text\"><a class=\"wp-block-post-excerpt__more-link\" href=\"https:\/\/www.thebrokernews.ch\/fr\/leurope-nest-pas-marche-domestique-encore\/\">lire la suite<\/a><\/p><\/div><\/div>\n\n<\/li><li class=\"wp-block-post post-27258 post type-post status-publish format-standard has-post-thumbnail hentry category-actualites category-generalites category-interviews tag-ajustements-de-prix-du-secteur-automobile tag-assurance tag-augmentation-des-primes tag-combinaison tag-couverture-dassurance tag-decisif tag-drame tag-gestionnaire-de-risques tag-moment tag-pool-de-dommages-naturels tag-proche-de tag-responsabilite tag-scenario-de-stagflation tag-stabilisation tag-svv tag-vaudoise tag-vaudoise-en tag-victimes ownarticle\">\n\n<div class=\"wp-block-group card is-layout-flow wp-block-group-is-layout-flow\">\t\t<figure>\n\t\t\t<a href=\"https:\/\/www.thebrokernews.ch\/fr\/lassurance-cest-la-responsabilite-moment\/\" title=\"thebrokernews - About insurances: L&rsquo;assurance, c&rsquo;est la responsabilit\u00e9 au moment d\u00e9cisif\">\n\t\t\t\t<img loading=\"lazy\" decoding=\"async\" width=\"2560\" height=\"1440\" src=\"https:\/\/www.thebrokernews.ch\/wp-content\/uploads\/2026\/04\/26_81_26_18-Jean-Daniel-Laffely-1-scaled.jpg\" class=\"attachment-post-thumbnail size-post-thumbnail wp-post-image\" alt=\"\u00ab L&#039;assurance, c&#039;est la responsabilit\u00e9 au moment crucial \u00bb : Jean-Daniel Laffely, directeur g\u00e9n\u00e9ral de la Vaudoise.\" srcset=\"https:\/\/www.thebrokernews.ch\/wp-content\/uploads\/2026\/04\/26_81_26_18-Jean-Daniel-Laffely-1-scaled.jpg 2560w, https:\/\/www.thebrokernews.ch\/wp-content\/uploads\/2026\/04\/26_81_26_18-Jean-Daniel-Laffely-1-300x169.jpg 300w, https:\/\/www.thebrokernews.ch\/wp-content\/uploads\/2026\/04\/26_81_26_18-Jean-Daniel-Laffely-1-1024x576.jpg 1024w, https:\/\/www.thebrokernews.ch\/wp-content\/uploads\/2026\/04\/26_81_26_18-Jean-Daniel-Laffely-1-768x432.jpg 768w, https:\/\/www.thebrokernews.ch\/wp-content\/uploads\/2026\/04\/26_81_26_18-Jean-Daniel-Laffely-1-1536x864.jpg 1536w, https:\/\/www.thebrokernews.ch\/wp-content\/uploads\/2026\/04\/26_81_26_18-Jean-Daniel-Laffely-1-2048x1152.jpg 2048w\" sizes=\"auto, (max-width: 2560px) 100vw, 2560px\" \/>\t\t\t<\/a>\n\t\t<\/figure>\n\n\n\n<div class=\"wp-block-columns is-layout-flex wp-container-core-columns-is-layout-01756ba4 wp-block-columns-is-layout-flex\">\n<div class=\"wp-block-column is-layout-flow wp-block-column-is-layout-flow\" style=\"flex-basis:50%\"><div class=\"has-text-align-left wp-block-post-date\"><time datetime=\"2026-04-09T04:00:00+02:00\">9 avril 2026<\/time><\/div><\/div>\n\n\n\n<div class=\"wp-block-column is-layout-flow wp-block-column-is-layout-flow\" style=\"flex-basis:50%\"><div class=\"taxonomy-category has-text-align-right wp-block-post-terms\"><a href=\"https:\/\/www.thebrokernews.ch\/fr\/category\/actualites\/\" rel=\"tag\">Actualit\u00e9s<\/a><span class=\"wp-block-post-terms__separator\">, <\/span><a href=\"https:\/\/www.thebrokernews.ch\/fr\/category\/generalites\/\" rel=\"tag\">G\u00e9n\u00e9ralit\u00e9s<\/a><span class=\"wp-block-post-terms__separator\">, <\/span><a href=\"https:\/\/www.thebrokernews.ch\/fr\/category\/interviews\/\" rel=\"tag\">Interviews<\/a><\/div><\/div>\n<\/div>\n\n\n\n<hr class=\"wp-block-separator has-css-opacity\"\/>\n\n\n<h4 class=\"has-text-align-left wp-block-post-title\"><a href=\"https:\/\/www.thebrokernews.ch\/fr\/lassurance-cest-la-responsabilite-moment\/\" target=\"_self\">L&rsquo;assurance, c&rsquo;est la responsabilit\u00e9 au moment d\u00e9cisif<\/a><\/h4>\n\n<div class=\"has-text-align-left wp-block-post-excerpt\"><p class=\"wp-block-post-excerpt__excerpt\">Apr\u00e8s la trag\u00e9die survenue \u00e0 Crans-Montana, Jean-Daniel Laffely, CEO de la Vaudoise Assurances, a assur\u00e9 que les victimes ainsi que\u2026<\/p><p class=\"wp-block-post-excerpt__more-text\"><a class=\"wp-block-post-excerpt__more-link\" href=\"https:\/\/www.thebrokernews.ch\/fr\/lassurance-cest-la-responsabilite-moment\/\">lire la suite<\/a><\/p><\/div><\/div>\n\n<\/li><li class=\"wp-block-post post-27245 post type-post status-publish format-standard has-post-thumbnail hentry category-actualites category-contributions-dinvites category-generalites tag-assureur tag-contacts-en-ligne tag-contradictions-entre-les-plates-formes tag-donnees-de-tiers tag-effet tag-generali-autriche tag-informations-en-temps-reel tag-marketing-numerique tag-nouvelle-approche tag-optimisation-de-la-strategie tag-optimisation-du-budget tag-parcours-du-client tag-potentiel-de-lia ownarticle\">\n\n<div class=\"wp-block-group card is-layout-flow wp-block-group-is-layout-flow\">\t\t<figure>\n\t\t\t<a href=\"https:\/\/www.thebrokernews.ch\/fr\/marketing-numerique-le-potentiel-de-lia\/\" title=\"thebrokernews - About insurances: Marketing num\u00e9rique : utiliser le potentiel de l&rsquo;IA pour les d\u00e9cisions budg\u00e9taires dans les parcours clients complexes.\">\n\t\t\t\t<img loading=\"lazy\" decoding=\"async\" width=\"2010\" height=\"1338\" src=\"https:\/\/www.thebrokernews.ch\/wp-content\/uploads\/2026\/03\/Bildschirmfoto-2026-03-31-um-10.31.20.png\" class=\"attachment-post-thumbnail size-post-thumbnail wp-post-image\" alt=\"Roger Gatti est vice-pr\u00e9sident charg\u00e9 des produits et du marketing chez Nexoya (photo : Nexoya).\" srcset=\"https:\/\/www.thebrokernews.ch\/wp-content\/uploads\/2026\/03\/Bildschirmfoto-2026-03-31-um-10.31.20.png 2010w, https:\/\/www.thebrokernews.ch\/wp-content\/uploads\/2026\/03\/Bildschirmfoto-2026-03-31-um-10.31.20-300x200.png 300w, https:\/\/www.thebrokernews.ch\/wp-content\/uploads\/2026\/03\/Bildschirmfoto-2026-03-31-um-10.31.20-1024x682.png 1024w, https:\/\/www.thebrokernews.ch\/wp-content\/uploads\/2026\/03\/Bildschirmfoto-2026-03-31-um-10.31.20-768x511.png 768w, https:\/\/www.thebrokernews.ch\/wp-content\/uploads\/2026\/03\/Bildschirmfoto-2026-03-31-um-10.31.20-1536x1022.png 1536w\" sizes=\"auto, (max-width: 2010px) 100vw, 2010px\" \/>\t\t\t<\/a>\n\t\t<\/figure>\n\n\n\n<div class=\"wp-block-columns is-layout-flex wp-container-core-columns-is-layout-01756ba4 wp-block-columns-is-layout-flex\">\n<div class=\"wp-block-column is-layout-flow wp-block-column-is-layout-flow\" style=\"flex-basis:50%\"><div class=\"has-text-align-left wp-block-post-date\"><time datetime=\"2026-04-08T13:30:00+02:00\">8 avril 2026<\/time><\/div><\/div>\n\n\n\n<div class=\"wp-block-column is-layout-flow wp-block-column-is-layout-flow\" style=\"flex-basis:50%\"><div class=\"taxonomy-category has-text-align-right wp-block-post-terms\"><a href=\"https:\/\/www.thebrokernews.ch\/fr\/category\/actualites\/\" rel=\"tag\">Actualit\u00e9s<\/a><span class=\"wp-block-post-terms__separator\">, <\/span><a href=\"https:\/\/www.thebrokernews.ch\/fr\/category\/contributions-dinvites\/\" rel=\"tag\">Contributions d&#039;invit\u00e9s<\/a><span class=\"wp-block-post-terms__separator\">, <\/span><a href=\"https:\/\/www.thebrokernews.ch\/fr\/category\/generalites\/\" rel=\"tag\">G\u00e9n\u00e9ralit\u00e9s<\/a><\/div><\/div>\n<\/div>\n\n\n\n<hr class=\"wp-block-separator has-css-opacity\"\/>\n\n\n<h4 class=\"has-text-align-left wp-block-post-title\"><a href=\"https:\/\/www.thebrokernews.ch\/fr\/marketing-numerique-le-potentiel-de-lia\/\" target=\"_self\">Marketing num\u00e9rique : utiliser le potentiel de l&rsquo;IA pour les d\u00e9cisions budg\u00e9taires dans les parcours clients complexes.<\/a><\/h4>\n\n<div class=\"has-text-align-left wp-block-post-excerpt\"><p class=\"wp-block-post-excerpt__excerpt\">L&rsquo;exemple de Generali Austria montre comment les assureurs peuvent utiliser une nouvelle approche d&rsquo;attribution pour obtenir des informations exploitables en\u2026<\/p><p class=\"wp-block-post-excerpt__more-text\"><a class=\"wp-block-post-excerpt__more-link\" href=\"https:\/\/www.thebrokernews.ch\/fr\/marketing-numerique-le-potentiel-de-lia\/\">lire la suite<\/a><\/p><\/div><\/div>\n\n<\/li><li class=\"wp-block-post post-27226 post type-post status-publish format-standard has-post-thumbnail hentry category-actualites category-generalites category-podcasts tag-assurance tag-cauchemar tag-complexite tag-condition tag-franz-kafka tag-le-coup-de-la-liberation tag-le-tournant tag-logique tag-orientation-client tag-processus-2 ownarticle\">\n\n<div class=\"wp-block-group card is-layout-flow wp-block-group-is-layout-flow\">\t\t<figure>\n\t\t\t<a href=\"https:\/\/www.thebrokernews.ch\/fr\/du-cauchemar-de-kafka-a-lassurance-numer\/\" title=\"thebrokernews - About insurances: Du cauchemar de Kafka \u00e0 l&rsquo;assurance num\u00e9rique\">\n\t\t\t\t<img loading=\"lazy\" decoding=\"async\" width=\"1309\" height=\"873\" src=\"https:\/\/www.thebrokernews.ch\/wp-content\/uploads\/2026\/04\/Paul-15-francais-1.png\" class=\"attachment-post-thumbnail size-post-thumbnail wp-post-image\" alt=\"Du cauchemar de Kafka \u00e0 l&#039;assurance num\u00e9rique dans le dernier \u00e9pisode de Paul the Insurer.\" srcset=\"https:\/\/www.thebrokernews.ch\/wp-content\/uploads\/2026\/04\/Paul-15-francais-1.png 1309w, https:\/\/www.thebrokernews.ch\/wp-content\/uploads\/2026\/04\/Paul-15-francais-1-300x200.png 300w, https:\/\/www.thebrokernews.ch\/wp-content\/uploads\/2026\/04\/Paul-15-francais-1-1024x683.png 1024w, https:\/\/www.thebrokernews.ch\/wp-content\/uploads\/2026\/04\/Paul-15-francais-1-768x512.png 768w\" sizes=\"auto, (max-width: 1309px) 100vw, 1309px\" \/>\t\t\t<\/a>\n\t\t<\/figure>\n\n\n\n<div class=\"wp-block-columns is-layout-flex wp-container-core-columns-is-layout-01756ba4 wp-block-columns-is-layout-flex\">\n<div class=\"wp-block-column is-layout-flow wp-block-column-is-layout-flow\" style=\"flex-basis:50%\"><div class=\"has-text-align-left wp-block-post-date\"><time datetime=\"2026-04-08T04:00:00+02:00\">8 avril 2026<\/time><\/div><\/div>\n\n\n\n<div class=\"wp-block-column is-layout-flow wp-block-column-is-layout-flow\" style=\"flex-basis:50%\"><div class=\"taxonomy-category has-text-align-right wp-block-post-terms\"><a href=\"https:\/\/www.thebrokernews.ch\/fr\/category\/actualites\/\" rel=\"tag\">Actualit\u00e9s<\/a><span class=\"wp-block-post-terms__separator\">, <\/span><a href=\"https:\/\/www.thebrokernews.ch\/fr\/category\/generalites\/\" rel=\"tag\">G\u00e9n\u00e9ralit\u00e9s<\/a><span class=\"wp-block-post-terms__separator\">, <\/span><a href=\"https:\/\/www.thebrokernews.ch\/fr\/category\/podcasts\/\" rel=\"tag\">Podcasts<\/a><\/div><\/div>\n<\/div>\n\n\n\n<hr class=\"wp-block-separator has-css-opacity\"\/>\n\n\n<h4 class=\"has-text-align-left wp-block-post-title\"><a href=\"https:\/\/www.thebrokernews.ch\/fr\/du-cauchemar-de-kafka-a-lassurance-numer\/\" target=\"_self\">Du cauchemar de Kafka \u00e0 l&rsquo;assurance num\u00e9rique<\/a><\/h4>\n\n<div class=\"has-text-align-left wp-block-post-excerpt\"><p class=\"wp-block-post-excerpt__excerpt\">Le monde de l&rsquo;assurance \u00e9tait autrefois le symbole de la complexit\u00e9 bureaucratique, d\u00e9crite notamment par Franz Kafka lui-m\u00eame. Aujourd&rsquo;hui, le\u2026<\/p><p class=\"wp-block-post-excerpt__more-text\"><a class=\"wp-block-post-excerpt__more-link\" href=\"https:\/\/www.thebrokernews.ch\/fr\/du-cauchemar-de-kafka-a-lassurance-numer\/\">lire la suite<\/a><\/p><\/div><\/div>\n\n<\/li><li class=\"wp-block-post post-27210 post type-post status-publish format-standard has-post-thumbnail hentry category-actualites category-generalites tag-approche-globale tag-calcul tag-calendrier tag-capital-risque tag-communication tag-difference tag-dilution tag-discipline-des-processus tag-evaluation tag-focus tag-insurtechs tag-investisseurs tag-le-capital tag-precision tag-precision-de-lajustement tag-sequencage tag-sih tag-succes tag-visions\">\n\n<div class=\"wp-block-group card is-layout-flow wp-block-group-is-layout-flow\">\t\t<figure>\n\t\t\t<a href=\"https:\/\/www.thebrokernews.ch\/fr\/capital-avec-calcul-par-e-costa-insurtech\/\" title=\"thebrokernews - About insurances: Capital avec calcul\">\n\t\t\t\t<img loading=\"lazy\" decoding=\"async\" width=\"800\" height=\"800\" src=\"https:\/\/www.thebrokernews.ch\/wp-content\/uploads\/2026\/04\/Ernesto-Costa.jpeg\" class=\"attachment-post-thumbnail size-post-thumbnail wp-post-image\" alt=\"Ernesto Costa : Les insurtechs europ\u00e9ennes doivent repenser leur strat\u00e9gie de lev\u00e9e de fonds en r\u00e9duisant le nombre de transactions et en renfor\u00e7ant la concurrence.\" srcset=\"https:\/\/www.thebrokernews.ch\/wp-content\/uploads\/2026\/04\/Ernesto-Costa.jpeg 800w, https:\/\/www.thebrokernews.ch\/wp-content\/uploads\/2026\/04\/Ernesto-Costa-300x300.jpeg 300w, https:\/\/www.thebrokernews.ch\/wp-content\/uploads\/2026\/04\/Ernesto-Costa-150x150.jpeg 150w, https:\/\/www.thebrokernews.ch\/wp-content\/uploads\/2026\/04\/Ernesto-Costa-768x768.jpeg 768w\" sizes=\"auto, (max-width: 800px) 100vw, 800px\" \/>\t\t\t<\/a>\n\t\t<\/figure>\n\n\n\n<div class=\"wp-block-columns is-layout-flex wp-container-core-columns-is-layout-01756ba4 wp-block-columns-is-layout-flex\">\n<div class=\"wp-block-column is-layout-flow wp-block-column-is-layout-flow\" style=\"flex-basis:50%\"><div class=\"has-text-align-left wp-block-post-date\"><time datetime=\"2026-04-07T13:30:00+02:00\">7 avril 2026<\/time><\/div><\/div>\n\n\n\n<div class=\"wp-block-column is-layout-flow wp-block-column-is-layout-flow\" style=\"flex-basis:50%\"><div class=\"taxonomy-category has-text-align-right wp-block-post-terms\"><a href=\"https:\/\/www.thebrokernews.ch\/fr\/category\/actualites\/\" rel=\"tag\">Actualit\u00e9s<\/a><span class=\"wp-block-post-terms__separator\">, <\/span><a href=\"https:\/\/www.thebrokernews.ch\/fr\/category\/generalites\/\" rel=\"tag\">G\u00e9n\u00e9ralit\u00e9s<\/a><\/div><\/div>\n<\/div>\n\n\n\n<hr class=\"wp-block-separator has-css-opacity\"\/>\n\n\n<h4 class=\"has-text-align-left wp-block-post-title\"><a href=\"https:\/\/www.thebrokernews.ch\/fr\/capital-avec-calcul-par-e-costa-insurtech\/\" target=\"_self\">Capital avec calcul<\/a><\/h4>\n\n<div class=\"has-text-align-left wp-block-post-excerpt\"><p class=\"wp-block-post-excerpt__excerpt\">Lors du webinaire \u00ab\u00a0Close your round faster, on better terms\u00a0\u00bb organis\u00e9 par le Swiss Insurtech Hub \u00e0 l&rsquo;occasion d&rsquo;une conf\u00e9rence\u2026<\/p><p class=\"wp-block-post-excerpt__more-text\"><a class=\"wp-block-post-excerpt__more-link\" href=\"https:\/\/www.thebrokernews.ch\/fr\/capital-avec-calcul-par-e-costa-insurtech\/\">lire la suite<\/a><\/p><\/div><\/div>\n\n<\/li><li class=\"wp-block-post post-27186 post type-post status-publish format-standard has-post-thumbnail hentry category-actualites category-generalites tag-chainon-manquant tag-entreprises-de-services-publics tag-equilibre tag-incompris tag-lenergie tag-lheure tag-linflation tag-reevaluation tag-systeme\">\n\n<div class=\"wp-block-group card is-layout-flow wp-block-group-is-layout-flow\">\t\t<figure>\n\t\t\t<a href=\"https:\/\/www.thebrokernews.ch\/fr\/quand-lenergie-reevalue-le-temps-lefebvre\/\" title=\"thebrokernews - About insurances: Quand l&rsquo;\u00e9nergie r\u00e9\u00e9value le temps\">\n\t\t\t\t<img loading=\"lazy\" decoding=\"async\" width=\"1280\" height=\"853\" src=\"https:\/\/www.thebrokernews.ch\/wp-content\/uploads\/2026\/04\/Dienstagskolumne-von-Eric-Lefebvre-1-Kopie-2.png\" class=\"attachment-post-thumbnail size-post-thumbnail wp-post-image\" alt=\"&quot;Le stockage, seule v\u00e9ritable solution \u00e0 l&#039;intermittence, est rest\u00e9 le cha\u00eenon manquant&quot;: Eric Lefebvre.\" srcset=\"https:\/\/www.thebrokernews.ch\/wp-content\/uploads\/2026\/04\/Dienstagskolumne-von-Eric-Lefebvre-1-Kopie-2.png 1280w, https:\/\/www.thebrokernews.ch\/wp-content\/uploads\/2026\/04\/Dienstagskolumne-von-Eric-Lefebvre-1-Kopie-2-300x200.png 300w, https:\/\/www.thebrokernews.ch\/wp-content\/uploads\/2026\/04\/Dienstagskolumne-von-Eric-Lefebvre-1-Kopie-2-1024x682.png 1024w, https:\/\/www.thebrokernews.ch\/wp-content\/uploads\/2026\/04\/Dienstagskolumne-von-Eric-Lefebvre-1-Kopie-2-768x512.png 768w\" sizes=\"auto, (max-width: 1280px) 100vw, 1280px\" \/>\t\t\t<\/a>\n\t\t<\/figure>\n\n\n\n<div class=\"wp-block-columns is-layout-flex wp-container-core-columns-is-layout-01756ba4 wp-block-columns-is-layout-flex\">\n<div class=\"wp-block-column is-layout-flow wp-block-column-is-layout-flow\" style=\"flex-basis:50%\"><div class=\"has-text-align-left wp-block-post-date\"><time datetime=\"2026-04-07T04:00:00+02:00\">7 avril 2026<\/time><\/div><\/div>\n\n\n\n<div class=\"wp-block-column is-layout-flow wp-block-column-is-layout-flow\" style=\"flex-basis:50%\"><div class=\"taxonomy-category has-text-align-right wp-block-post-terms\"><a href=\"https:\/\/www.thebrokernews.ch\/fr\/category\/actualites\/\" rel=\"tag\">Actualit\u00e9s<\/a><span class=\"wp-block-post-terms__separator\">, <\/span><a href=\"https:\/\/www.thebrokernews.ch\/fr\/category\/generalites\/\" rel=\"tag\">G\u00e9n\u00e9ralit\u00e9s<\/a><\/div><\/div>\n<\/div>\n\n\n\n<hr class=\"wp-block-separator has-css-opacity\"\/>\n\n\n<h4 class=\"has-text-align-left wp-block-post-title\"><a href=\"https:\/\/www.thebrokernews.ch\/fr\/quand-lenergie-reevalue-le-temps-lefebvre\/\" target=\"_self\">Quand l&rsquo;\u00e9nergie r\u00e9\u00e9value le temps<\/a><\/h4>\n\n<div class=\"has-text-align-left wp-block-post-excerpt\"><p class=\"wp-block-post-excerpt__excerpt\">La semaine derni\u00e8re, il \u00e9tait question du prix du temps, cette semaine, il est question de ce qui le d\u00e9termine\u2026<\/p><p class=\"wp-block-post-excerpt__more-text\"><a class=\"wp-block-post-excerpt__more-link\" href=\"https:\/\/www.thebrokernews.ch\/fr\/quand-lenergie-reevalue-le-temps-lefebvre\/\">lire la suite<\/a><\/p><\/div><\/div>\n\n<\/li><li class=\"wp-block-post post-27096 post type-post status-publish format-standard has-post-thumbnail hentry category-actualites category-generalites category-podcasts tag-consolidation tag-courtier tag-geopolitique tag-implications-strategiques tag-integration tag-lbc-insurance-radar tag-processus-orsa tag-reglement tag-serrage\">\n\n<div class=\"wp-block-group card is-layout-flow wp-block-group-is-layout-flow\">\t\t<figure>\n\t\t\t<a href=\"https:\/\/www.thebrokernews.ch\/fr\/lbc-insurance-radar-13-cyber-esg-courtiers\/\" title=\"thebrokernews - About insurances: LBC Insurance Radar #12 : Cyber, ESG et courtiers en plein bouleversement\">\n\t\t\t\t<img loading=\"lazy\" decoding=\"async\" width=\"1920\" height=\"1080\" src=\"https:\/\/www.thebrokernews.ch\/wp-content\/uploads\/2026\/03\/La-Bella-Logo-Podcast-1.png\" class=\"attachment-post-thumbnail size-post-thumbnail wp-post-image\" alt=\"LBC Insurance Radar n\u00b0 13 : cyberrisques, ESG et courtiers en pleine mutation.\" srcset=\"https:\/\/www.thebrokernews.ch\/wp-content\/uploads\/2026\/03\/La-Bella-Logo-Podcast-1.png 1920w, https:\/\/www.thebrokernews.ch\/wp-content\/uploads\/2026\/03\/La-Bella-Logo-Podcast-1-300x169.png 300w, https:\/\/www.thebrokernews.ch\/wp-content\/uploads\/2026\/03\/La-Bella-Logo-Podcast-1-1024x576.png 1024w, https:\/\/www.thebrokernews.ch\/wp-content\/uploads\/2026\/03\/La-Bella-Logo-Podcast-1-768x432.png 768w, https:\/\/www.thebrokernews.ch\/wp-content\/uploads\/2026\/03\/La-Bella-Logo-Podcast-1-1536x864.png 1536w\" sizes=\"auto, (max-width: 1920px) 100vw, 1920px\" \/>\t\t\t<\/a>\n\t\t<\/figure>\n\n\n\n<div class=\"wp-block-columns is-layout-flex wp-container-core-columns-is-layout-01756ba4 wp-block-columns-is-layout-flex\">\n<div class=\"wp-block-column is-layout-flow wp-block-column-is-layout-flow\" style=\"flex-basis:50%\"><div class=\"has-text-align-left wp-block-post-date\"><time datetime=\"2026-04-02T04:00:00+02:00\">2 avril 2026<\/time><\/div><\/div>\n\n\n\n<div class=\"wp-block-column is-layout-flow wp-block-column-is-layout-flow\" style=\"flex-basis:50%\"><div class=\"taxonomy-category has-text-align-right wp-block-post-terms\"><a href=\"https:\/\/www.thebrokernews.ch\/fr\/category\/actualites\/\" rel=\"tag\">Actualit\u00e9s<\/a><span class=\"wp-block-post-terms__separator\">, <\/span><a href=\"https:\/\/www.thebrokernews.ch\/fr\/category\/generalites\/\" rel=\"tag\">G\u00e9n\u00e9ralit\u00e9s<\/a><span class=\"wp-block-post-terms__separator\">, <\/span><a href=\"https:\/\/www.thebrokernews.ch\/fr\/category\/podcasts\/\" rel=\"tag\">Podcasts<\/a><\/div><\/div>\n<\/div>\n\n\n\n<hr class=\"wp-block-separator has-css-opacity\"\/>\n\n\n<h4 class=\"has-text-align-left wp-block-post-title\"><a href=\"https:\/\/www.thebrokernews.ch\/fr\/lbc-insurance-radar-13-cyber-esg-courtiers\/\" target=\"_self\">LBC Insurance Radar #12 : Cyber, ESG et courtiers en plein bouleversement<\/a><\/h4>\n\n<div class=\"has-text-align-left wp-block-post-excerpt\"><p class=\"wp-block-post-excerpt__excerpt\">Le dernier \u00ab\u00a0LBC Insurance Radar\u00a0\u00bb montre comment le secteur de l&rsquo;assurance se r\u00e9oriente : Les cyber-risques, les exigences ESG et\u2026<\/p><p class=\"wp-block-post-excerpt__more-text\"><a class=\"wp-block-post-excerpt__more-link\" href=\"https:\/\/www.thebrokernews.ch\/fr\/lbc-insurance-radar-13-cyber-esg-courtiers\/\">lire la suite<\/a><\/p><\/div><\/div>\n\n<\/li><li class=\"wp-block-post post-27058 post type-post status-publish format-standard has-post-thumbnail hentry category-actualites category-generalites tag-courtier tag-deficit-dattentes tag-la-bella-consulting tag-la-cooperation tag-modeles-de-partenariat tag-nouveaux-modeles tag-opportunite tag-opportunite-de-developpement tag-partenaire-de-risque tag-pragmatique tag-transformation tag-variation\">\n\n<div class=\"wp-block-group card is-layout-flow wp-block-group-is-layout-flow\">\t\t<figure>\n\t\t\t<a href=\"https:\/\/www.thebrokernews.ch\/fr\/du-courtier-au-partenaire-de-risque-2026\/\" title=\"thebrokernews - About insurances: Du courtier au partenaire de risque\">\n\t\t\t\t<img loading=\"lazy\" decoding=\"async\" width=\"2390\" height=\"1792\" src=\"https:\/\/www.thebrokernews.ch\/wp-content\/uploads\/2026\/03\/1-1.png\" class=\"attachment-post-thumbnail size-post-thumbnail wp-post-image\" alt=\"Comment les courtiers deviennent des partenaires en mati\u00e8re de risques : Marco La Bella, PDG, Silvia Kljajic, consultante senior, et Fabian Germann, consultant ind\u00e9pendant en gestion des risques, La Bella Consulting.\" srcset=\"https:\/\/www.thebrokernews.ch\/wp-content\/uploads\/2026\/03\/1-1.png 2390w, https:\/\/www.thebrokernews.ch\/wp-content\/uploads\/2026\/03\/1-1-300x225.png 300w, https:\/\/www.thebrokernews.ch\/wp-content\/uploads\/2026\/03\/1-1-1024x768.png 1024w, https:\/\/www.thebrokernews.ch\/wp-content\/uploads\/2026\/03\/1-1-768x576.png 768w, https:\/\/www.thebrokernews.ch\/wp-content\/uploads\/2026\/03\/1-1-1536x1152.png 1536w, https:\/\/www.thebrokernews.ch\/wp-content\/uploads\/2026\/03\/1-1-2048x1536.png 2048w\" sizes=\"auto, (max-width: 2390px) 100vw, 2390px\" \/>\t\t\t<\/a>\n\t\t<\/figure>\n\n\n\n<div class=\"wp-block-columns is-layout-flex wp-container-core-columns-is-layout-01756ba4 wp-block-columns-is-layout-flex\">\n<div class=\"wp-block-column is-layout-flow wp-block-column-is-layout-flow\" style=\"flex-basis:50%\"><div class=\"has-text-align-left wp-block-post-date\"><time datetime=\"2026-04-01T13:30:00+02:00\">1 avril 2026<\/time><\/div><\/div>\n\n\n\n<div class=\"wp-block-column is-layout-flow wp-block-column-is-layout-flow\" style=\"flex-basis:50%\"><div class=\"taxonomy-category has-text-align-right wp-block-post-terms\"><a href=\"https:\/\/www.thebrokernews.ch\/fr\/category\/actualites\/\" rel=\"tag\">Actualit\u00e9s<\/a><span class=\"wp-block-post-terms__separator\">, <\/span><a href=\"https:\/\/www.thebrokernews.ch\/fr\/category\/generalites\/\" rel=\"tag\">G\u00e9n\u00e9ralit\u00e9s<\/a><\/div><\/div>\n<\/div>\n\n\n\n<hr class=\"wp-block-separator has-css-opacity\"\/>\n\n\n<h4 class=\"has-text-align-left wp-block-post-title\"><a href=\"https:\/\/www.thebrokernews.ch\/fr\/du-courtier-au-partenaire-de-risque-2026\/\" target=\"_self\">Du courtier au partenaire de risque<\/a><\/h4>\n\n<div class=\"has-text-align-left wp-block-post-excerpt\"><p class=\"wp-block-post-excerpt__excerpt\">Le r\u00f4le des courtiers d&rsquo;assurance est confront\u00e9 \u00e0 un changement fondamental. La complexit\u00e9 croissante, les risques en r\u00e9seau et les\u2026<\/p><p class=\"wp-block-post-excerpt__more-text\"><a class=\"wp-block-post-excerpt__more-link\" href=\"https:\/\/www.thebrokernews.ch\/fr\/du-courtier-au-partenaire-de-risque-2026\/\">lire la suite<\/a><\/p><\/div><\/div>\n\n<\/li><li class=\"wp-block-post post-27084 post type-post status-publish format-standard has-post-thumbnail hentry category-actualites category-generalites category-podcasts tag-acces-des-clients tag-assureur tag-changement-de-paradigme tag-ecosysteme tag-environnements-de-travail tag-facteur-de-reussite tag-fonds-dinvestissement tag-reseau tag-transporteur-de-risques\">\n\n<div class=\"wp-block-group card is-layout-flow wp-block-group-is-layout-flow\">\t\t<figure>\n\t\t\t<a href=\"https:\/\/www.thebrokernews.ch\/fr\/les-assureurs-pensent-en-termes-ecosysteme\/\" title=\"thebrokernews - About insurances: Les assureurs pensent en termes d&rsquo;\u00e9cosyst\u00e8me\">\n\t\t\t\t<img loading=\"lazy\" decoding=\"async\" width=\"1309\" height=\"873\" src=\"https:\/\/www.thebrokernews.ch\/wp-content\/uploads\/2026\/04\/Paul-15-francais.png\" class=\"attachment-post-thumbnail size-post-thumbnail wp-post-image\" alt=\"Les assureurs pensent en termes d&#039;\u00e9cosyst\u00e8me.\" srcset=\"https:\/\/www.thebrokernews.ch\/wp-content\/uploads\/2026\/04\/Paul-15-francais.png 1309w, https:\/\/www.thebrokernews.ch\/wp-content\/uploads\/2026\/04\/Paul-15-francais-300x200.png 300w, https:\/\/www.thebrokernews.ch\/wp-content\/uploads\/2026\/04\/Paul-15-francais-1024x683.png 1024w, https:\/\/www.thebrokernews.ch\/wp-content\/uploads\/2026\/04\/Paul-15-francais-768x512.png 768w\" sizes=\"auto, (max-width: 1309px) 100vw, 1309px\" \/>\t\t\t<\/a>\n\t\t<\/figure>\n\n\n\n<div class=\"wp-block-columns is-layout-flex wp-container-core-columns-is-layout-01756ba4 wp-block-columns-is-layout-flex\">\n<div class=\"wp-block-column is-layout-flow wp-block-column-is-layout-flow\" style=\"flex-basis:50%\"><div class=\"has-text-align-left wp-block-post-date\"><time datetime=\"2026-04-01T04:00:00+02:00\">1 avril 2026<\/time><\/div><\/div>\n\n\n\n<div class=\"wp-block-column is-layout-flow wp-block-column-is-layout-flow\" style=\"flex-basis:50%\"><div class=\"taxonomy-category has-text-align-right wp-block-post-terms\"><a href=\"https:\/\/www.thebrokernews.ch\/fr\/category\/actualites\/\" rel=\"tag\">Actualit\u00e9s<\/a><span class=\"wp-block-post-terms__separator\">, <\/span><a href=\"https:\/\/www.thebrokernews.ch\/fr\/category\/generalites\/\" rel=\"tag\">G\u00e9n\u00e9ralit\u00e9s<\/a><span class=\"wp-block-post-terms__separator\">, <\/span><a href=\"https:\/\/www.thebrokernews.ch\/fr\/category\/podcasts\/\" rel=\"tag\">Podcasts<\/a><\/div><\/div>\n<\/div>\n\n\n\n<hr class=\"wp-block-separator has-css-opacity\"\/>\n\n\n<h4 class=\"has-text-align-left wp-block-post-title\"><a href=\"https:\/\/www.thebrokernews.ch\/fr\/les-assureurs-pensent-en-termes-ecosysteme\/\" target=\"_self\">Les assureurs pensent en termes d&rsquo;\u00e9cosyst\u00e8me<\/a><\/h4>\n\n<div class=\"has-text-align-left wp-block-post-excerpt\"><p class=\"wp-block-post-excerpt__excerpt\">Le secteur de l&rsquo;assurance est en train de passer d&rsquo;un simple transporteur de risques \u00e0 un fournisseur de services en\u2026<\/p><p class=\"wp-block-post-excerpt__more-text\"><a class=\"wp-block-post-excerpt__more-link\" href=\"https:\/\/www.thebrokernews.ch\/fr\/les-assureurs-pensent-en-termes-ecosysteme\/\">lire la suite<\/a><\/p><\/div><\/div>\n\n<\/li><li class=\"wp-block-post post-26909 post type-post status-publish format-standard has-post-thumbnail hentry category-actualites category-generalites tag-bilans tag-circulation tag-conclusion tag-courbe tag-courbe-de-rendement tag-etendue-de-letude tag-lheure tag-le-sang tag-marche tag-normalisation tag-obligations tag-prix tag-signal tag-systeme tag-tension\">\n\n<div class=\"wp-block-group card is-layout-flow wp-block-group-is-layout-flow\">\t\t<figure>\n\t\t\t<a href=\"https:\/\/www.thebrokernews.ch\/fr\/le-systeme-fonctionne-au-sang-e-lefebvre\/\" title=\"thebrokernews - About insurances: Le syst\u00e8me fonctionne au sang\">\n\t\t\t\t<img loading=\"lazy\" decoding=\"async\" width=\"1280\" height=\"853\" src=\"https:\/\/www.thebrokernews.ch\/wp-content\/uploads\/2026\/03\/Chronique-du-mardi-3\u00a7_3_26.png\" class=\"attachment-post-thumbnail size-post-thumbnail wp-post-image\" alt=\"Le syst\u00e8me fonctionne au sang par Eric Lefebvre.\" srcset=\"https:\/\/www.thebrokernews.ch\/wp-content\/uploads\/2026\/03\/Chronique-du-mardi-3\u00a7_3_26.png 1280w, https:\/\/www.thebrokernews.ch\/wp-content\/uploads\/2026\/03\/Chronique-du-mardi-3\u00a7_3_26-300x200.png 300w, https:\/\/www.thebrokernews.ch\/wp-content\/uploads\/2026\/03\/Chronique-du-mardi-3\u00a7_3_26-1024x682.png 1024w, https:\/\/www.thebrokernews.ch\/wp-content\/uploads\/2026\/03\/Chronique-du-mardi-3\u00a7_3_26-768x512.png 768w\" sizes=\"auto, (max-width: 1280px) 100vw, 1280px\" \/>\t\t\t<\/a>\n\t\t<\/figure>\n\n\n\n<div class=\"wp-block-columns is-layout-flex wp-container-core-columns-is-layout-01756ba4 wp-block-columns-is-layout-flex\">\n<div class=\"wp-block-column is-layout-flow wp-block-column-is-layout-flow\" style=\"flex-basis:50%\"><div class=\"has-text-align-left wp-block-post-date\"><time datetime=\"2026-03-31T04:00:00+02:00\">31 mars 2026<\/time><\/div><\/div>\n\n\n\n<div class=\"wp-block-column is-layout-flow wp-block-column-is-layout-flow\" style=\"flex-basis:50%\"><div class=\"taxonomy-category has-text-align-right wp-block-post-terms\"><a href=\"https:\/\/www.thebrokernews.ch\/fr\/category\/actualites\/\" rel=\"tag\">Actualit\u00e9s<\/a><span class=\"wp-block-post-terms__separator\">, <\/span><a href=\"https:\/\/www.thebrokernews.ch\/fr\/category\/generalites\/\" rel=\"tag\">G\u00e9n\u00e9ralit\u00e9s<\/a><\/div><\/div>\n<\/div>\n\n\n\n<hr class=\"wp-block-separator has-css-opacity\"\/>\n\n\n<h4 class=\"has-text-align-left wp-block-post-title\"><a href=\"https:\/\/www.thebrokernews.ch\/fr\/le-systeme-fonctionne-au-sang-e-lefebvre\/\" target=\"_self\">Le syst\u00e8me fonctionne au sang<\/a><\/h4>\n\n<div class=\"has-text-align-left wp-block-post-excerpt\"><p class=\"wp-block-post-excerpt__excerpt\">Le syst\u00e8me financier mondial semble abstrait, mais au fond, il fonctionne comme un organisme : il se nourrit de flux.\u2026<\/p><p class=\"wp-block-post-excerpt__more-text\"><a class=\"wp-block-post-excerpt__more-link\" href=\"https:\/\/www.thebrokernews.ch\/fr\/le-systeme-fonctionne-au-sang-e-lefebvre\/\">lire la suite<\/a><\/p><\/div><\/div>\n\n<\/li><li class=\"wp-block-post post-26897 post type-post status-publish format-standard has-post-thumbnail hentry category-actualites category-contributions-dinvites category-generalites category-non-categorise tag-ai tag-confiance tag-couche-globale-de-confiance tag-delimitation tag-gouvernance tag-internet tag-lere-numerique tag-linfrastructure tag-la-jeune-generation tag-pilote tag-problemes-structurels\">\n\n<div class=\"wp-block-group card is-layout-flow wp-block-group-is-layout-flow\">\t\t<figure>\n\t\t\t<a href=\"https:\/\/www.thebrokernews.ch\/fr\/appel-a-la-mise-en-place-d-infrastructure\/\" title=\"thebrokernews - About insurances: Appel \u00e0 la mise en place d&rsquo;une infrastructure mondiale pour la confiance sur l&rsquo;internet\">\n\t\t\t\t<img loading=\"lazy\" decoding=\"async\" width=\"986\" height=\"544\" src=\"https:\/\/www.thebrokernews.ch\/wp-content\/uploads\/2026\/03\/Bildschirmfoto-2026-03-30-um-07.53.48.png\" class=\"attachment-post-thumbnail size-post-thumbnail wp-post-image\" alt=\"Appel en faveur d&#039;une infrastructure mondiale pour la confiance sur Internet, par Bejan Choschnau.\" srcset=\"https:\/\/www.thebrokernews.ch\/wp-content\/uploads\/2026\/03\/Bildschirmfoto-2026-03-30-um-07.53.48.png 986w, https:\/\/www.thebrokernews.ch\/wp-content\/uploads\/2026\/03\/Bildschirmfoto-2026-03-30-um-07.53.48-300x166.png 300w, https:\/\/www.thebrokernews.ch\/wp-content\/uploads\/2026\/03\/Bildschirmfoto-2026-03-30-um-07.53.48-768x424.png 768w\" sizes=\"auto, (max-width: 986px) 100vw, 986px\" \/>\t\t\t<\/a>\n\t\t<\/figure>\n\n\n\n<div class=\"wp-block-columns is-layout-flex wp-container-core-columns-is-layout-01756ba4 wp-block-columns-is-layout-flex\">\n<div class=\"wp-block-column is-layout-flow wp-block-column-is-layout-flow\" style=\"flex-basis:50%\"><div class=\"has-text-align-left wp-block-post-date\"><time datetime=\"2026-03-30T13:30:00+02:00\">30 mars 2026<\/time><\/div><\/div>\n\n\n\n<div class=\"wp-block-column is-layout-flow wp-block-column-is-layout-flow\" style=\"flex-basis:50%\"><div class=\"taxonomy-category has-text-align-right wp-block-post-terms\"><a href=\"https:\/\/www.thebrokernews.ch\/fr\/category\/actualites\/\" rel=\"tag\">Actualit\u00e9s<\/a><span class=\"wp-block-post-terms__separator\">, <\/span><a href=\"https:\/\/www.thebrokernews.ch\/fr\/category\/contributions-dinvites\/\" rel=\"tag\">Contributions d&#039;invit\u00e9s<\/a><span class=\"wp-block-post-terms__separator\">, <\/span><a href=\"https:\/\/www.thebrokernews.ch\/fr\/category\/generalites\/\" rel=\"tag\">G\u00e9n\u00e9ralit\u00e9s<\/a><span class=\"wp-block-post-terms__separator\">, <\/span><a href=\"https:\/\/www.thebrokernews.ch\/fr\/category\/non-categorise\/\" rel=\"tag\">Non cat\u00e9goris\u00e9<\/a><\/div><\/div>\n<\/div>\n\n\n\n<hr class=\"wp-block-separator has-css-opacity\"\/>\n\n\n<h4 class=\"has-text-align-left wp-block-post-title\"><a href=\"https:\/\/www.thebrokernews.ch\/fr\/appel-a-la-mise-en-place-d-infrastructure\/\" target=\"_self\">Appel \u00e0 la mise en place d&rsquo;une infrastructure mondiale pour la confiance sur l&rsquo;internet<\/a><\/h4>\n\n<div class=\"has-text-align-left wp-block-post-excerpt\"><p class=\"wp-block-post-excerpt__excerpt\">Le 16 mars, j&rsquo;ai pris la parole en tant qu&rsquo;entrepreneur et expert en IA aux Nations unies \u00e0 Gen\u00e8ve sur\u2026<\/p><p class=\"wp-block-post-excerpt__more-text\"><a class=\"wp-block-post-excerpt__more-link\" href=\"https:\/\/www.thebrokernews.ch\/fr\/appel-a-la-mise-en-place-d-infrastructure\/\">lire la suite<\/a><\/p><\/div><\/div>\n\n<\/li><li class=\"wp-block-post post-26851 post type-post status-publish format-standard has-post-thumbnail hentry category-actualites category-generalites tag-ai tag-annee-danniversaire tag-besoin-de-securite tag-courtier tag-croissance tag-deuxieme-pilier tag-duostar tag-etape-de-developpement tag-flexibilite tag-flux-de-tresorerie tag-fondation-balance tag-investissements-continus tag-long-terme tag-modele-de-lexcedent tag-pax tag-precaution tag-securite tag-service tag-structure-par-age tag-volatilite\">\n\n<div class=\"wp-block-group card is-layout-flow wp-block-group-is-layout-flow\">\t\t<figure>\n\t\t\t<a href=\"https:\/\/www.thebrokernews.ch\/fr\/la-prevoyance-entre-croissance-securite-ia\/\" title=\"thebrokernews - About insurances: La pr\u00e9voyance entre la croissance, la s\u00e9curit\u00e9 et l&rsquo;IA\">\n\t\t\t\t<img loading=\"lazy\" decoding=\"async\" width=\"2560\" height=\"1920\" src=\"https:\/\/www.thebrokernews.ch\/wp-content\/uploads\/2026\/03\/Nicolas-Ketterer-scaled.jpeg\" class=\"attachment-post-thumbnail size-post-thumbnail wp-post-image\" alt=\"La pr\u00e9voyance entre croissance, s\u00e9curit\u00e9 et IA : Nicolas Ketterer, responsable de la gestion des produits BV chez Pax.\" srcset=\"https:\/\/www.thebrokernews.ch\/wp-content\/uploads\/2026\/03\/Nicolas-Ketterer-scaled.jpeg 2560w, https:\/\/www.thebrokernews.ch\/wp-content\/uploads\/2026\/03\/Nicolas-Ketterer-300x225.jpeg 300w, https:\/\/www.thebrokernews.ch\/wp-content\/uploads\/2026\/03\/Nicolas-Ketterer-1024x768.jpeg 1024w, https:\/\/www.thebrokernews.ch\/wp-content\/uploads\/2026\/03\/Nicolas-Ketterer-768x576.jpeg 768w, https:\/\/www.thebrokernews.ch\/wp-content\/uploads\/2026\/03\/Nicolas-Ketterer-1536x1152.jpeg 1536w, https:\/\/www.thebrokernews.ch\/wp-content\/uploads\/2026\/03\/Nicolas-Ketterer-2048x1536.jpeg 2048w\" sizes=\"auto, (max-width: 2560px) 100vw, 2560px\" \/>\t\t\t<\/a>\n\t\t<\/figure>\n\n\n\n<div class=\"wp-block-columns is-layout-flex wp-container-core-columns-is-layout-01756ba4 wp-block-columns-is-layout-flex\">\n<div class=\"wp-block-column is-layout-flow wp-block-column-is-layout-flow\" style=\"flex-basis:50%\"><div class=\"has-text-align-left wp-block-post-date\"><time datetime=\"2026-03-30T04:00:00+02:00\">30 mars 2026<\/time><\/div><\/div>\n\n\n\n<div class=\"wp-block-column is-layout-flow wp-block-column-is-layout-flow\" style=\"flex-basis:50%\"><div class=\"taxonomy-category has-text-align-right wp-block-post-terms\"><a href=\"https:\/\/www.thebrokernews.ch\/fr\/category\/actualites\/\" rel=\"tag\">Actualit\u00e9s<\/a><span class=\"wp-block-post-terms__separator\">, <\/span><a href=\"https:\/\/www.thebrokernews.ch\/fr\/category\/generalites\/\" rel=\"tag\">G\u00e9n\u00e9ralit\u00e9s<\/a><\/div><\/div>\n<\/div>\n\n\n\n<hr class=\"wp-block-separator has-css-opacity\"\/>\n\n\n<h4 class=\"has-text-align-left wp-block-post-title\"><a href=\"https:\/\/www.thebrokernews.ch\/fr\/la-prevoyance-entre-croissance-securite-ia\/\" target=\"_self\">La pr\u00e9voyance entre la croissance, la s\u00e9curit\u00e9 et l&rsquo;IA<\/a><\/h4>\n\n<div class=\"has-text-align-left wp-block-post-excerpt\"><p class=\"wp-block-post-excerpt__excerpt\">Pour son 150e anniversaire, Pax met l&rsquo;accent sur la proximit\u00e9, l&rsquo;innovation et un engagement clair en faveur du deuxi\u00e8me pilier.\u2026<\/p><p class=\"wp-block-post-excerpt__more-text\"><a class=\"wp-block-post-excerpt__more-link\" href=\"https:\/\/www.thebrokernews.ch\/fr\/la-prevoyance-entre-croissance-securite-ia\/\">lire la suite<\/a><\/p><\/div><\/div>\n\n<\/li><li class=\"wp-block-post post-26790 post type-post status-publish format-standard has-post-thumbnail hentry category-actualites category-generalites category-interviews category-video tag-armee-europeenne tag-climat tag-democratie tag-europe tag-lue tag-legitimation tag-necessite tag-probleme-structurel tag-satellites tag-securite ownarticle\">\n\n<div class=\"wp-block-group card is-layout-flow wp-block-group-is-layout-flow\">\t\t<figure>\n\t\t\t<a href=\"https:\/\/www.thebrokernews.ch\/fr\/plus-deurope-maintenant-demande-v-lanschot\/\" title=\"thebrokernews - About insurances: Plus d&rsquo;Europe, maintenant\">\n\t\t\t\t<img loading=\"lazy\" decoding=\"async\" width=\"1920\" height=\"1080\" src=\"https:\/\/www.thebrokernews.ch\/wp-content\/uploads\/2026\/03\/Hero-pic-2.jpg\" class=\"attachment-post-thumbnail size-post-thumbnail wp-post-image\" alt=\"\u00ab Plus d&#039;Europe, d\u00e8s maintenant \u00bb : tel est l&#039;appel lanc\u00e9 par le d\u00e9put\u00e9 europ\u00e9en n\u00e9erlandais Reinier von Lanschot.\" srcset=\"https:\/\/www.thebrokernews.ch\/wp-content\/uploads\/2026\/03\/Hero-pic-2.jpg 1920w, https:\/\/www.thebrokernews.ch\/wp-content\/uploads\/2026\/03\/Hero-pic-2-300x169.jpg 300w, https:\/\/www.thebrokernews.ch\/wp-content\/uploads\/2026\/03\/Hero-pic-2-1024x576.jpg 1024w, https:\/\/www.thebrokernews.ch\/wp-content\/uploads\/2026\/03\/Hero-pic-2-768x432.jpg 768w, https:\/\/www.thebrokernews.ch\/wp-content\/uploads\/2026\/03\/Hero-pic-2-1536x864.jpg 1536w\" sizes=\"auto, (max-width: 1920px) 100vw, 1920px\" \/>\t\t\t<\/a>\n\t\t<\/figure>\n\n\n\n<div class=\"wp-block-columns is-layout-flex wp-container-core-columns-is-layout-01756ba4 wp-block-columns-is-layout-flex\">\n<div class=\"wp-block-column is-layout-flow wp-block-column-is-layout-flow\" style=\"flex-basis:50%\"><div class=\"has-text-align-left wp-block-post-date\"><time datetime=\"2026-03-27T04:00:00+01:00\">27 mars 2026<\/time><\/div><\/div>\n\n\n\n<div class=\"wp-block-column is-layout-flow wp-block-column-is-layout-flow\" style=\"flex-basis:50%\"><div class=\"taxonomy-category has-text-align-right wp-block-post-terms\"><a href=\"https:\/\/www.thebrokernews.ch\/fr\/category\/actualites\/\" rel=\"tag\">Actualit\u00e9s<\/a><span class=\"wp-block-post-terms__separator\">, <\/span><a href=\"https:\/\/www.thebrokernews.ch\/fr\/category\/generalites\/\" rel=\"tag\">G\u00e9n\u00e9ralit\u00e9s<\/a><span class=\"wp-block-post-terms__separator\">, <\/span><a href=\"https:\/\/www.thebrokernews.ch\/fr\/category\/interviews\/\" rel=\"tag\">Interviews<\/a><span class=\"wp-block-post-terms__separator\">, <\/span><a href=\"https:\/\/www.thebrokernews.ch\/fr\/category\/video\/\" rel=\"tag\">Vid\u00e9o<\/a><\/div><\/div>\n<\/div>\n\n\n\n<hr class=\"wp-block-separator has-css-opacity\"\/>\n\n\n<h4 class=\"has-text-align-left wp-block-post-title\"><a href=\"https:\/\/www.thebrokernews.ch\/fr\/plus-deurope-maintenant-demande-v-lanschot\/\" target=\"_self\">Plus d&rsquo;Europe, maintenant<\/a><\/h4>\n\n<div class=\"has-text-align-left wp-block-post-excerpt\"><p class=\"wp-block-post-excerpt__excerpt\">Reinier van Lanschot, d\u00e9put\u00e9 europ\u00e9en n\u00e9erlandais, demande plus de rapidit\u00e9, plus de d\u00e9mocratie et plus d&rsquo;ind\u00e9pendance pour l&rsquo;Europe. Dans un\u2026<\/p><p class=\"wp-block-post-excerpt__more-text\"><a class=\"wp-block-post-excerpt__more-link\" href=\"https:\/\/www.thebrokernews.ch\/fr\/plus-deurope-maintenant-demande-v-lanschot\/\">lire la suite<\/a><\/p><\/div><\/div>\n\n<\/li><li class=\"wp-block-post post-26688 post type-post status-publish format-standard has-post-thumbnail hentry category-actualites category-generalites category-interviews tag-assurance-annulation tag-assurance-interruption-de-voyage tag-compagnie-aerienne tag-conseils-aux-voyageurs-dfae tag-escalade tag-evaluation-des-risques tag-frais-de-transfert tag-hebergement tag-impact tag-koxten tag-moyen-orient tag-urgence tag-voyages-a-forfait tag-voyages-de-retour tag-zone-de-guerre\">\n\n<div class=\"wp-block-group card is-layout-flow wp-block-group-is-layout-flow\">\t\t<figure>\n\t\t\t<a href=\"https:\/\/www.thebrokernews.ch\/fr\/echoue-au-moyen-orient-lassurance-voyage\/\" title=\"thebrokernews - About insurances: Coinc\u00e9 au Moyen-Orient : l&rsquo;assurance voyage paie-t-elle dans une zone de guerre ?\">\n\t\t\t\t<img loading=\"lazy\" decoding=\"async\" width=\"2560\" height=\"1440\" src=\"https:\/\/www.thebrokernews.ch\/wp-content\/uploads\/2026\/03\/Kein-Titel-Praesentation-2-pdf.jpg\" class=\"attachment-post-thumbnail size-post-thumbnail wp-post-image\" alt=\"\" \/>\t\t\t<\/a>\n\t\t<\/figure>\n\n\n\n<div class=\"wp-block-columns is-layout-flex wp-container-core-columns-is-layout-01756ba4 wp-block-columns-is-layout-flex\">\n<div class=\"wp-block-column is-layout-flow wp-block-column-is-layout-flow\" style=\"flex-basis:50%\"><div class=\"has-text-align-left wp-block-post-date\"><time datetime=\"2026-03-26T04:00:00+01:00\">26 mars 2026<\/time><\/div><\/div>\n\n\n\n<div class=\"wp-block-column is-layout-flow wp-block-column-is-layout-flow\" style=\"flex-basis:50%\"><div class=\"taxonomy-category has-text-align-right wp-block-post-terms\"><a href=\"https:\/\/www.thebrokernews.ch\/fr\/category\/actualites\/\" rel=\"tag\">Actualit\u00e9s<\/a><span class=\"wp-block-post-terms__separator\">, <\/span><a href=\"https:\/\/www.thebrokernews.ch\/fr\/category\/generalites\/\" rel=\"tag\">G\u00e9n\u00e9ralit\u00e9s<\/a><span class=\"wp-block-post-terms__separator\">, <\/span><a href=\"https:\/\/www.thebrokernews.ch\/fr\/category\/interviews\/\" rel=\"tag\">Interviews<\/a><\/div><\/div>\n<\/div>\n\n\n\n<hr class=\"wp-block-separator has-css-opacity\"\/>\n\n\n<h4 class=\"has-text-align-left wp-block-post-title\"><a href=\"https:\/\/www.thebrokernews.ch\/fr\/echoue-au-moyen-orient-lassurance-voyage\/\" target=\"_self\">Coinc\u00e9 au Moyen-Orient : l&rsquo;assurance voyage paie-t-elle dans une zone de guerre ?<\/a><\/h4>\n\n<div class=\"has-text-align-left wp-block-post-excerpt\"><p class=\"wp-block-post-excerpt__excerpt\">La guerre entre les Etats-Unis, Isra\u00ebl et l&rsquo;Iran a fortement perturb\u00e9 le trafic a\u00e9rien au Proche-Orient. Des milliers de voyageurs\u2026<\/p><p class=\"wp-block-post-excerpt__more-text\"><a class=\"wp-block-post-excerpt__more-link\" href=\"https:\/\/www.thebrokernews.ch\/fr\/echoue-au-moyen-orient-lassurance-voyage\/\">lire la suite<\/a><\/p><\/div><\/div>\n\n<\/li><li class=\"wp-block-post post-26779 post type-post status-publish format-standard has-post-thumbnail hentry category-actualites category-generalites category-video tag-atteindre tag-commentaires tag-commentaires-de-lia tag-communaute tag-cote-ombrage tag-croissance tag-la-participation tag-linkedin tag-postes tag-posture tag-routines-de-contenu tag-visibilite\">\n\n<div class=\"wp-block-group card is-layout-flow wp-block-group-is-layout-flow\">\t\t<figure>\n\t\t\t<a href=\"https:\/\/www.thebrokernews.ch\/fr\/oubliez-laffichage-comment-developper-li\/\" title=\"thebrokernews - About insurances: Oubliez l&rsquo;affichage : Comment se d\u00e9velopper r\u00e9ellement sur LinkedIn\">\n\t\t\t\t<img loading=\"lazy\" decoding=\"async\" width=\"1600\" height=\"900\" src=\"https:\/\/www.thebrokernews.ch\/wp-content\/uploads\/2026\/03\/Code-knacken.jpeg\" class=\"attachment-post-thumbnail size-post-thumbnail wp-post-image\" alt=\"Oubliez les publications : Vitoria Rupp, sp\u00e9cialiste des strat\u00e9gies de croissance sur LinkedIn, sait ce qui compte vraiment pour se d\u00e9velopper sur LinkedIn.\" srcset=\"https:\/\/www.thebrokernews.ch\/wp-content\/uploads\/2026\/03\/Code-knacken.jpeg 1600w, https:\/\/www.thebrokernews.ch\/wp-content\/uploads\/2026\/03\/Code-knacken-300x169.jpeg 300w, https:\/\/www.thebrokernews.ch\/wp-content\/uploads\/2026\/03\/Code-knacken-1024x576.jpeg 1024w, https:\/\/www.thebrokernews.ch\/wp-content\/uploads\/2026\/03\/Code-knacken-768x432.jpeg 768w, https:\/\/www.thebrokernews.ch\/wp-content\/uploads\/2026\/03\/Code-knacken-1536x864.jpeg 1536w\" sizes=\"auto, (max-width: 1600px) 100vw, 1600px\" \/>\t\t\t<\/a>\n\t\t<\/figure>\n\n\n\n<div class=\"wp-block-columns is-layout-flex wp-container-core-columns-is-layout-01756ba4 wp-block-columns-is-layout-flex\">\n<div class=\"wp-block-column is-layout-flow wp-block-column-is-layout-flow\" style=\"flex-basis:50%\"><div class=\"has-text-align-left wp-block-post-date\"><time datetime=\"2026-03-25T13:30:00+01:00\">25 mars 2026<\/time><\/div><\/div>\n\n\n\n<div class=\"wp-block-column is-layout-flow wp-block-column-is-layout-flow\" style=\"flex-basis:50%\"><div class=\"taxonomy-category has-text-align-right wp-block-post-terms\"><a href=\"https:\/\/www.thebrokernews.ch\/fr\/category\/actualites\/\" rel=\"tag\">Actualit\u00e9s<\/a><span class=\"wp-block-post-terms__separator\">, <\/span><a href=\"https:\/\/www.thebrokernews.ch\/fr\/category\/generalites\/\" rel=\"tag\">G\u00e9n\u00e9ralit\u00e9s<\/a><span class=\"wp-block-post-terms__separator\">, <\/span><a href=\"https:\/\/www.thebrokernews.ch\/fr\/category\/video\/\" rel=\"tag\">Vid\u00e9o<\/a><\/div><\/div>\n<\/div>\n\n\n\n<hr class=\"wp-block-separator has-css-opacity\"\/>\n\n\n<h4 class=\"has-text-align-left wp-block-post-title\"><a href=\"https:\/\/www.thebrokernews.ch\/fr\/oubliez-laffichage-comment-developper-li\/\" target=\"_self\">Oubliez l&rsquo;affichage : Comment se d\u00e9velopper r\u00e9ellement sur LinkedIn<\/a><\/h4>\n\n<div class=\"has-text-align-left wp-block-post-excerpt\"><p class=\"wp-block-post-excerpt__excerpt\">Ceux qui veulent se d\u00e9velopper sur LinkedIn s&rsquo;appuient souvent sur une strat\u00e9gie soi-disant simple : poster r\u00e9guli\u00e8rement. Mais cette approche\u2026<\/p><p class=\"wp-block-post-excerpt__more-text\"><a class=\"wp-block-post-excerpt__more-link\" href=\"https:\/\/www.thebrokernews.ch\/fr\/oubliez-laffichage-comment-developper-li\/\">lire la suite<\/a><\/p><\/div><\/div>\n\n<\/li><li class=\"wp-block-post post-26798 post type-post status-publish format-standard has-post-thumbnail hentry category-actualites category-generalites category-non-categorise\">\n\n<div class=\"wp-block-group card is-layout-flow wp-block-group-is-layout-flow\">\t\t<figure>\n\t\t\t<a href=\"https:\/\/www.thebrokernews.ch\/fr\/la-vaudoise-affiche-un-resultat-record\/\" title=\"thebrokernews - About insurances: La Vaudoise affiche un r\u00e9sultat record\">\n\t\t\t\t<img loading=\"lazy\" decoding=\"async\" width=\"1200\" height=\"605\" src=\"https:\/\/www.thebrokernews.ch\/wp-content\/uploads\/2025\/08\/vaudoise-assurances-holding-sa-les-actionnaires-approuvent-toutes-les-propositions-du-conseil-dadministration-image-cover.tmb-va_1200.png\" class=\"attachment-post-thumbnail size-post-thumbnail wp-post-image\" alt=\"La Vaudoise affiche un r\u00e9sultat record historique gr\u00e2ce \u00e0 la vigueur des affaires non-vie.\" srcset=\"https:\/\/www.thebrokernews.ch\/wp-content\/uploads\/2025\/08\/vaudoise-assurances-holding-sa-les-actionnaires-approuvent-toutes-les-propositions-du-conseil-dadministration-image-cover.tmb-va_1200.png 1200w, https:\/\/www.thebrokernews.ch\/wp-content\/uploads\/2025\/08\/vaudoise-assurances-holding-sa-les-actionnaires-approuvent-toutes-les-propositions-du-conseil-dadministration-image-cover.tmb-va_1200-300x151.png 300w, https:\/\/www.thebrokernews.ch\/wp-content\/uploads\/2025\/08\/vaudoise-assurances-holding-sa-les-actionnaires-approuvent-toutes-les-propositions-du-conseil-dadministration-image-cover.tmb-va_1200-1024x516.png 1024w, https:\/\/www.thebrokernews.ch\/wp-content\/uploads\/2025\/08\/vaudoise-assurances-holding-sa-les-actionnaires-approuvent-toutes-les-propositions-du-conseil-dadministration-image-cover.tmb-va_1200-768x387.png 768w\" sizes=\"auto, (max-width: 1200px) 100vw, 1200px\" \/>\t\t\t<\/a>\n\t\t<\/figure>\n\n\n\n<div class=\"wp-block-columns is-layout-flex wp-container-core-columns-is-layout-01756ba4 wp-block-columns-is-layout-flex\">\n<div class=\"wp-block-column is-layout-flow wp-block-column-is-layout-flow\" style=\"flex-basis:50%\"><div class=\"has-text-align-left wp-block-post-date\"><time datetime=\"2026-03-25T08:44:23+01:00\">25 mars 2026<\/time><\/div><\/div>\n\n\n\n<div class=\"wp-block-column is-layout-flow wp-block-column-is-layout-flow\" style=\"flex-basis:50%\"><div class=\"taxonomy-category has-text-align-right wp-block-post-terms\"><a href=\"https:\/\/www.thebrokernews.ch\/fr\/category\/actualites\/\" rel=\"tag\">Actualit\u00e9s<\/a><span class=\"wp-block-post-terms__separator\">, <\/span><a href=\"https:\/\/www.thebrokernews.ch\/fr\/category\/generalites\/\" rel=\"tag\">G\u00e9n\u00e9ralit\u00e9s<\/a><span class=\"wp-block-post-terms__separator\">, <\/span><a href=\"https:\/\/www.thebrokernews.ch\/fr\/category\/non-categorise\/\" rel=\"tag\">Non cat\u00e9goris\u00e9<\/a><\/div><\/div>\n<\/div>\n\n\n\n<hr class=\"wp-block-separator has-css-opacity\"\/>\n\n\n<h4 class=\"has-text-align-left wp-block-post-title\"><a href=\"https:\/\/www.thebrokernews.ch\/fr\/la-vaudoise-affiche-un-resultat-record\/\" target=\"_self\">La Vaudoise affiche un r\u00e9sultat record<\/a><\/h4>\n\n<div class=\"has-text-align-left wp-block-post-excerpt\"><p class=\"wp-block-post-excerpt__excerpt\">Le Groupe Vaudoise a r\u00e9alis\u00e9 un exercice 2025 exceptionnel. Avec un b\u00e9n\u00e9fice net consolid\u00e9 de 156,3 millions de francs, l&rsquo;assureur\u2026<\/p><p class=\"wp-block-post-excerpt__more-text\"><a class=\"wp-block-post-excerpt__more-link\" href=\"https:\/\/www.thebrokernews.ch\/fr\/la-vaudoise-affiche-un-resultat-record\/\">lire la suite<\/a><\/p><\/div><\/div>\n\n<\/li><li class=\"wp-block-post post-26767 post type-post status-publish format-standard has-post-thumbnail hentry category-actualites category-generalites category-podcasts tag-courage tag-long-terme tag-niche tag-offre-excedentaire tag-partenariat tag-paul-lassureur tag-sauter tag-shark-tank tag-specialisation tag-succes\">\n\n<div class=\"wp-block-group card is-layout-flow wp-block-group-is-layout-flow\">\t\t<figure>\n\t\t\t<a href=\"https:\/\/www.thebrokernews.ch\/fr\/le-courage-de-se-creer-une-niche-paul-13\/\" title=\"thebrokernews - About insurances: Le courage de se cr\u00e9er une niche\">\n\t\t\t\t<img loading=\"lazy\" decoding=\"async\" width=\"1309\" height=\"873\" src=\"https:\/\/www.thebrokernews.ch\/wp-content\/uploads\/2026\/03\/paul_the_insurer_canva_template-Kopie.pptx.png\" class=\"attachment-post-thumbnail size-post-thumbnail wp-post-image\" alt=\"Le courage de so cr\u00e9er une nicht de Paul l&#039;Assureur 13.\" srcset=\"https:\/\/www.thebrokernews.ch\/wp-content\/uploads\/2026\/03\/paul_the_insurer_canva_template-Kopie.pptx.png 1309w, https:\/\/www.thebrokernews.ch\/wp-content\/uploads\/2026\/03\/paul_the_insurer_canva_template-Kopie.pptx-300x200.png 300w, https:\/\/www.thebrokernews.ch\/wp-content\/uploads\/2026\/03\/paul_the_insurer_canva_template-Kopie.pptx-1024x683.png 1024w, https:\/\/www.thebrokernews.ch\/wp-content\/uploads\/2026\/03\/paul_the_insurer_canva_template-Kopie.pptx-768x512.png 768w\" sizes=\"auto, (max-width: 1309px) 100vw, 1309px\" \/>\t\t\t<\/a>\n\t\t<\/figure>\n\n\n\n<div class=\"wp-block-columns is-layout-flex wp-container-core-columns-is-layout-01756ba4 wp-block-columns-is-layout-flex\">\n<div class=\"wp-block-column is-layout-flow wp-block-column-is-layout-flow\" style=\"flex-basis:50%\"><div class=\"has-text-align-left wp-block-post-date\"><time datetime=\"2026-03-25T04:00:00+01:00\">25 mars 2026<\/time><\/div><\/div>\n\n\n\n<div class=\"wp-block-column is-layout-flow wp-block-column-is-layout-flow\" style=\"flex-basis:50%\"><div class=\"taxonomy-category has-text-align-right wp-block-post-terms\"><a href=\"https:\/\/www.thebrokernews.ch\/fr\/category\/actualites\/\" rel=\"tag\">Actualit\u00e9s<\/a><span class=\"wp-block-post-terms__separator\">, <\/span><a href=\"https:\/\/www.thebrokernews.ch\/fr\/category\/generalites\/\" rel=\"tag\">G\u00e9n\u00e9ralit\u00e9s<\/a><span class=\"wp-block-post-terms__separator\">, <\/span><a href=\"https:\/\/www.thebrokernews.ch\/fr\/category\/podcasts\/\" rel=\"tag\">Podcasts<\/a><\/div><\/div>\n<\/div>\n\n\n\n<hr class=\"wp-block-separator has-css-opacity\"\/>\n\n\n<h4 class=\"has-text-align-left wp-block-post-title\"><a href=\"https:\/\/www.thebrokernews.ch\/fr\/le-courage-de-se-creer-une-niche-paul-13\/\" target=\"_self\">Le courage de se cr\u00e9er une niche<\/a><\/h4>\n\n<div class=\"has-text-align-left wp-block-post-excerpt\"><p class=\"wp-block-post-excerpt__excerpt\">Si vous voulez survivre sur des march\u00e9s satur\u00e9s, il vous faut plus que des capitaux ; il vous faut de\u2026<\/p><p class=\"wp-block-post-excerpt__more-text\"><a class=\"wp-block-post-excerpt__more-link\" href=\"https:\/\/www.thebrokernews.ch\/fr\/le-courage-de-se-creer-une-niche-paul-13\/\">lire la suite<\/a><\/p><\/div><\/div>\n\n<\/li><li class=\"wp-block-post post-26727 post type-post status-publish format-standard has-post-thumbnail hentry category-actualites category-generalites tag-arteres tag-canal-de-suez tag-detroit-dormuz tag-detroit-de-malacca tag-echantillon tag-entreprise tag-fondations tag-forces-motrices tag-leconomie-mondiale tag-lenergie tag-lesclavage tag-machines tag-production-delectricite tag-risques tag-systeme\">\n\n<div class=\"wp-block-group card is-layout-flow wp-block-group-is-layout-flow\">\t\t<figure>\n\t\t\t<a href=\"https:\/\/www.thebrokernews.ch\/fr\/les-moteurs-du-pouvoir-par-eric-lefebvre\/\" title=\"thebrokernews - About insurances: Les moteurs du pouvoir\">\n\t\t\t\t<img loading=\"lazy\" decoding=\"async\" width=\"1280\" height=\"853\" src=\"https:\/\/www.thebrokernews.ch\/wp-content\/uploads\/2026\/03\/Eriuc-24_3_2026.png\" class=\"attachment-post-thumbnail size-post-thumbnail wp-post-image\" alt=\"Eric Lefebvre \u00e9crit sur l&#039;\u00e9nergie, l&#039;argent et l&#039;\u00e9volution de l&#039;\u00e9quilibre de l&#039;\u00e9conomie mondiale.\" srcset=\"https:\/\/www.thebrokernews.ch\/wp-content\/uploads\/2026\/03\/Eriuc-24_3_2026.png 1280w, https:\/\/www.thebrokernews.ch\/wp-content\/uploads\/2026\/03\/Eriuc-24_3_2026-300x200.png 300w, https:\/\/www.thebrokernews.ch\/wp-content\/uploads\/2026\/03\/Eriuc-24_3_2026-1024x682.png 1024w, https:\/\/www.thebrokernews.ch\/wp-content\/uploads\/2026\/03\/Eriuc-24_3_2026-768x512.png 768w\" sizes=\"auto, (max-width: 1280px) 100vw, 1280px\" \/>\t\t\t<\/a>\n\t\t<\/figure>\n\n\n\n<div class=\"wp-block-columns is-layout-flex wp-container-core-columns-is-layout-01756ba4 wp-block-columns-is-layout-flex\">\n<div class=\"wp-block-column is-layout-flow wp-block-column-is-layout-flow\" style=\"flex-basis:50%\"><div class=\"has-text-align-left wp-block-post-date\"><time datetime=\"2026-03-24T04:00:00+01:00\">24 mars 2026<\/time><\/div><\/div>\n\n\n\n<div class=\"wp-block-column is-layout-flow wp-block-column-is-layout-flow\" style=\"flex-basis:50%\"><div class=\"taxonomy-category has-text-align-right wp-block-post-terms\"><a href=\"https:\/\/www.thebrokernews.ch\/fr\/category\/actualites\/\" rel=\"tag\">Actualit\u00e9s<\/a><span class=\"wp-block-post-terms__separator\">, <\/span><a href=\"https:\/\/www.thebrokernews.ch\/fr\/category\/generalites\/\" rel=\"tag\">G\u00e9n\u00e9ralit\u00e9s<\/a><\/div><\/div>\n<\/div>\n\n\n\n<hr class=\"wp-block-separator has-css-opacity\"\/>\n\n\n<h4 class=\"has-text-align-left wp-block-post-title\"><a href=\"https:\/\/www.thebrokernews.ch\/fr\/les-moteurs-du-pouvoir-par-eric-lefebvre\/\" target=\"_self\">Les moteurs du pouvoir<\/a><\/h4>\n\n<div class=\"has-text-align-left wp-block-post-excerpt\"><p class=\"wp-block-post-excerpt__excerpt\">Le pouvoir semble souvent complexe, mais son fondement est remarquablement simple : l&rsquo;\u00e9nergie. Ceux qui peuvent l&rsquo;obtenir et l&rsquo;organiser \u00e0\u2026<\/p><p class=\"wp-block-post-excerpt__more-text\"><a class=\"wp-block-post-excerpt__more-link\" href=\"https:\/\/www.thebrokernews.ch\/fr\/les-moteurs-du-pouvoir-par-eric-lefebvre\/\">lire la suite<\/a><\/p><\/div><\/div>\n\n<\/li><li class=\"wp-block-post post-26749 post type-post status-publish format-standard has-post-thumbnail hentry category-actualites category-generalites tag-ai tag-cyberattaques tag-focus tag-hameconnage tag-la-bella-consulting tag-la-cybersecurite tag-menace tag-mesures-de-protection tag-methodes-dattaque tag-ransomeware tag-risque tag-risques-cybernetiques tag-selution tag-tentatives-de-tromperie tag-webinaire-n2\">\n\n<div class=\"wp-block-group card is-layout-flow wp-block-group-is-layout-flow\">\t\t<figure>\n\t\t\t<a href=\"https:\/\/www.thebrokernews.ch\/fr\/webinar-2-focus-sur-les-cyber-risques\/\" title=\"thebrokernews - About insurances: Webinaire n\u00b02 : Focus sur les cyber-risques\">\n\t\t\t\t<img loading=\"lazy\" decoding=\"async\" width=\"1966\" height=\"1104\" src=\"https:\/\/www.thebrokernews.ch\/wp-content\/uploads\/2026\/03\/Bildschirmfoto-2026-03-23-um-08.12.43.png\" class=\"attachment-post-thumbnail size-post-thumbnail wp-post-image\" alt=\"Le webinaire n\u00b0 2 se penche sur les cyberrisques.\" srcset=\"https:\/\/www.thebrokernews.ch\/wp-content\/uploads\/2026\/03\/Bildschirmfoto-2026-03-23-um-08.12.43.png 1966w, https:\/\/www.thebrokernews.ch\/wp-content\/uploads\/2026\/03\/Bildschirmfoto-2026-03-23-um-08.12.43-300x168.png 300w, https:\/\/www.thebrokernews.ch\/wp-content\/uploads\/2026\/03\/Bildschirmfoto-2026-03-23-um-08.12.43-1024x575.png 1024w, https:\/\/www.thebrokernews.ch\/wp-content\/uploads\/2026\/03\/Bildschirmfoto-2026-03-23-um-08.12.43-768x431.png 768w, https:\/\/www.thebrokernews.ch\/wp-content\/uploads\/2026\/03\/Bildschirmfoto-2026-03-23-um-08.12.43-1536x863.png 1536w\" sizes=\"auto, (max-width: 1966px) 100vw, 1966px\" \/>\t\t\t<\/a>\n\t\t<\/figure>\n\n\n\n<div class=\"wp-block-columns is-layout-flex wp-container-core-columns-is-layout-01756ba4 wp-block-columns-is-layout-flex\">\n<div class=\"wp-block-column is-layout-flow wp-block-column-is-layout-flow\" style=\"flex-basis:50%\"><div class=\"has-text-align-left wp-block-post-date\"><time datetime=\"2026-03-23T13:30:00+01:00\">23 mars 2026<\/time><\/div><\/div>\n\n\n\n<div class=\"wp-block-column is-layout-flow wp-block-column-is-layout-flow\" style=\"flex-basis:50%\"><div class=\"taxonomy-category has-text-align-right wp-block-post-terms\"><a href=\"https:\/\/www.thebrokernews.ch\/fr\/category\/actualites\/\" rel=\"tag\">Actualit\u00e9s<\/a><span class=\"wp-block-post-terms__separator\">, <\/span><a href=\"https:\/\/www.thebrokernews.ch\/fr\/category\/generalites\/\" rel=\"tag\">G\u00e9n\u00e9ralit\u00e9s<\/a><\/div><\/div>\n<\/div>\n\n\n\n<hr class=\"wp-block-separator has-css-opacity\"\/>\n\n\n<h4 class=\"has-text-align-left wp-block-post-title\"><a href=\"https:\/\/www.thebrokernews.ch\/fr\/webinar-2-focus-sur-les-cyber-risques\/\" target=\"_self\">Webinaire n\u00b02 : Focus sur les cyber-risques<\/a><\/h4>\n\n<div class=\"has-text-align-left wp-block-post-excerpt\"><p class=\"wp-block-post-excerpt__excerpt\">La menace des cyberattaques ne cesse de cro\u00eetre et \u00e9volue plus vite que la plupart des entreprises ne peuvent r\u00e9agir.\u2026<\/p><p class=\"wp-block-post-excerpt__more-text\"><a class=\"wp-block-post-excerpt__more-link\" href=\"https:\/\/www.thebrokernews.ch\/fr\/webinar-2-focus-sur-les-cyber-risques\/\">lire la suite<\/a><\/p><\/div><\/div>\n\n<\/li><li class=\"wp-block-post post-26699 post type-post status-publish format-standard has-post-thumbnail hentry category-actualites category-generalites tag-ai tag-assurance tag-bateau-a-moteur tag-chaine-dapprovisionnement-des-services tag-commissions-degressives tag-domaine-de-la-gouvernance-du-risque-et-de-la-conformite-grc tag-dora tag-droits-daudit-et-dinstruction tag-petrolier tag-pratique tag-probleme-du-mandant-et-de-lagent tag-rapports tag-realite tag-vag-article-44 tag-vag-articles-86-et-87 ownarticle\">\n\n<div class=\"wp-block-group card is-layout-flow wp-block-group-is-layout-flow\">\t\t<figure>\n\t\t\t<a href=\"https:\/\/www.thebrokernews.ch\/fr\/qui-se-cache-vraiment-derriere-l-assurance\/\" title=\"thebrokernews - About insurances: Qui se cache vraiment derri\u00e8re votre assurance ?\">\n\t\t\t\t<img loading=\"lazy\" decoding=\"async\" width=\"1920\" height=\"1072\" src=\"https:\/\/www.thebrokernews.ch\/wp-content\/uploads\/2026\/03\/Schubert_Artikel_MGA_Governance.jpg\" class=\"attachment-post-thumbnail size-post-thumbnail wp-post-image\" alt=\"Thomas Schubert, alias #DeedsCountMore, sait qui se cache r\u00e9ellement derri\u00e8re votre assurance.\" srcset=\"https:\/\/www.thebrokernews.ch\/wp-content\/uploads\/2026\/03\/Schubert_Artikel_MGA_Governance.jpg 1920w, https:\/\/www.thebrokernews.ch\/wp-content\/uploads\/2026\/03\/Schubert_Artikel_MGA_Governance-300x168.jpg 300w, https:\/\/www.thebrokernews.ch\/wp-content\/uploads\/2026\/03\/Schubert_Artikel_MGA_Governance-1024x572.jpg 1024w, https:\/\/www.thebrokernews.ch\/wp-content\/uploads\/2026\/03\/Schubert_Artikel_MGA_Governance-768x429.jpg 768w, https:\/\/www.thebrokernews.ch\/wp-content\/uploads\/2026\/03\/Schubert_Artikel_MGA_Governance-1536x858.jpg 1536w\" sizes=\"auto, (max-width: 1920px) 100vw, 1920px\" \/>\t\t\t<\/a>\n\t\t<\/figure>\n\n\n\n<div class=\"wp-block-columns is-layout-flex wp-container-core-columns-is-layout-01756ba4 wp-block-columns-is-layout-flex\">\n<div class=\"wp-block-column is-layout-flow wp-block-column-is-layout-flow\" style=\"flex-basis:50%\"><div class=\"has-text-align-left wp-block-post-date\"><time datetime=\"2026-03-23T04:00:00+01:00\">23 mars 2026<\/time><\/div><\/div>\n\n\n\n<div class=\"wp-block-column is-layout-flow wp-block-column-is-layout-flow\" style=\"flex-basis:50%\"><div class=\"taxonomy-category has-text-align-right wp-block-post-terms\"><a href=\"https:\/\/www.thebrokernews.ch\/fr\/category\/actualites\/\" rel=\"tag\">Actualit\u00e9s<\/a><span class=\"wp-block-post-terms__separator\">, <\/span><a href=\"https:\/\/www.thebrokernews.ch\/fr\/category\/generalites\/\" rel=\"tag\">G\u00e9n\u00e9ralit\u00e9s<\/a><\/div><\/div>\n<\/div>\n\n\n\n<hr class=\"wp-block-separator has-css-opacity\"\/>\n\n\n<h4 class=\"has-text-align-left wp-block-post-title\"><a href=\"https:\/\/www.thebrokernews.ch\/fr\/qui-se-cache-vraiment-derriere-l-assurance\/\" target=\"_self\">Qui se cache vraiment derri\u00e8re votre assurance ?<\/a><\/h4>\n\n<div class=\"has-text-align-left wp-block-post-excerpt\"><p class=\"wp-block-post-excerpt__excerpt\">L&rsquo;histoire d&rsquo;un joueur que personne ne conna\u00eet, mais qui brasse actuellement des milliards et les raisons pour lesquelles votre service\u2026<\/p><p class=\"wp-block-post-excerpt__more-text\"><a class=\"wp-block-post-excerpt__more-link\" href=\"https:\/\/www.thebrokernews.ch\/fr\/qui-se-cache-vraiment-derriere-l-assurance\/\">lire la suite<\/a><\/p><\/div><\/div>\n\n<\/li><li class=\"wp-block-post post-26660 post type-post status-publish format-standard has-post-thumbnail hentry category-actualites category-generalites category-interviews tag-agents-dintelligence-artificielle tag-autonomie tag-brokinsoft tag-cas-dutilisation tag-competition tag-fusion tag-investissements tag-leadership-sur-le-marche tag-marche-des-logiciels-de-courtage tag-plates-formes tag-poursuite-du-developpement tag-regroupement tag-strategie-dinnovation tag-suisse\">\n\n<div class=\"wp-block-group card is-layout-flow wp-block-group-is-layout-flow\">\t\t<figure>\n\t\t\t<a href=\"https:\/\/www.thebrokernews.ch\/fr\/marche-des-logiciels-de-courtage-en-suisse\/\" title=\"thebrokernews - About insurances: March\u00e9 suisse des logiciels de courtage : une nouvelle alliance de leadership mise sur l&rsquo;IA\">\n\t\t\t\t<img loading=\"lazy\" decoding=\"async\" width=\"1925\" height=\"1442\" src=\"https:\/\/www.thebrokernews.ch\/wp-content\/uploads\/2026\/03\/Screenshot-2026-03-09-at-21.29.29.png\" class=\"attachment-post-thumbnail size-post-thumbnail wp-post-image\" alt=\"March\u00e9 suisse des logiciels de courtage:- Une nouvelle alliance mise sur l&#039;IA. De gauche \u00e0 droite : Tifaine Chappot, Peter Nessensohn, Dominique Chappot.\" srcset=\"https:\/\/www.thebrokernews.ch\/wp-content\/uploads\/2026\/03\/Screenshot-2026-03-09-at-21.29.29.png 1925w, https:\/\/www.thebrokernews.ch\/wp-content\/uploads\/2026\/03\/Screenshot-2026-03-09-at-21.29.29-300x225.png 300w, https:\/\/www.thebrokernews.ch\/wp-content\/uploads\/2026\/03\/Screenshot-2026-03-09-at-21.29.29-1024x767.png 1024w, https:\/\/www.thebrokernews.ch\/wp-content\/uploads\/2026\/03\/Screenshot-2026-03-09-at-21.29.29-768x575.png 768w, https:\/\/www.thebrokernews.ch\/wp-content\/uploads\/2026\/03\/Screenshot-2026-03-09-at-21.29.29-1536x1151.png 1536w\" sizes=\"auto, (max-width: 1925px) 100vw, 1925px\" \/>\t\t\t<\/a>\n\t\t<\/figure>\n\n\n\n<div class=\"wp-block-columns is-layout-flex wp-container-core-columns-is-layout-01756ba4 wp-block-columns-is-layout-flex\">\n<div class=\"wp-block-column is-layout-flow wp-block-column-is-layout-flow\" style=\"flex-basis:50%\"><div class=\"has-text-align-left wp-block-post-date\"><time datetime=\"2026-03-20T13:30:00+01:00\">20 mars 2026<\/time><\/div><\/div>\n\n\n\n<div class=\"wp-block-column is-layout-flow wp-block-column-is-layout-flow\" style=\"flex-basis:50%\"><div class=\"taxonomy-category has-text-align-right wp-block-post-terms\"><a href=\"https:\/\/www.thebrokernews.ch\/fr\/category\/actualites\/\" rel=\"tag\">Actualit\u00e9s<\/a><span class=\"wp-block-post-terms__separator\">, <\/span><a href=\"https:\/\/www.thebrokernews.ch\/fr\/category\/generalites\/\" rel=\"tag\">G\u00e9n\u00e9ralit\u00e9s<\/a><span class=\"wp-block-post-terms__separator\">, <\/span><a href=\"https:\/\/www.thebrokernews.ch\/fr\/category\/interviews\/\" rel=\"tag\">Interviews<\/a><\/div><\/div>\n<\/div>\n\n\n\n<hr class=\"wp-block-separator has-css-opacity\"\/>\n\n\n<h4 class=\"has-text-align-left wp-block-post-title\"><a href=\"https:\/\/www.thebrokernews.ch\/fr\/marche-des-logiciels-de-courtage-en-suisse\/\" target=\"_self\">March\u00e9 suisse des logiciels de courtage : une nouvelle alliance de leadership mise sur l&rsquo;IA<\/a><\/h4>\n\n<div class=\"has-text-align-left wp-block-post-excerpt\"><p class=\"wp-block-post-excerpt__excerpt\">La fusion de BrokerStar et de Brokinsoft donne naissance \u00e0 un nouveau leader du march\u00e9 des logiciels pour courtiers en\u2026<\/p><p class=\"wp-block-post-excerpt__more-text\"><a class=\"wp-block-post-excerpt__more-link\" href=\"https:\/\/www.thebrokernews.ch\/fr\/marche-des-logiciels-de-courtage-en-suisse\/\">lire la suite<\/a><\/p><\/div><\/div>\n\n<\/li><li class=\"wp-block-post post-26648 post type-post status-publish format-standard has-post-thumbnail hentry category-actualites category-generalites category-interviews tag-brokermarkst-2026 tag-changement-de-generation tag-conseil tag-consolidation tag-definir-le-cap tag-dynamique-des-risques tag-echange-de-donnees tag-ecohub tag-fondateur tag-modeles-dentreprise tag-numerisation tag-outils-dia tag-relations-avec-les-clients tag-sobrado tag-technologie\">\n\n<div class=\"wp-block-group card is-layout-flow wp-block-group-is-layout-flow\">\t\t<figure>\n\t\t\t<a href=\"https:\/\/www.thebrokernews.ch\/fr\/marche-du-courtage-26-entre-consolidation\/\" title=\"thebrokernews - About insurances: Le march\u00e9 du courtage en 2026 : Entre consolidation, num\u00e9risation et attentes des clients\">\n\t\t\t\t<img loading=\"lazy\" decoding=\"async\" width=\"2560\" height=\"1439\" src=\"https:\/\/www.thebrokernews.ch\/wp-content\/uploads\/2026\/03\/20230315_franc_buesser_web-scaled.jpg\" class=\"attachment-post-thumbnail size-post-thumbnail wp-post-image\" alt=\"Le march\u00e9 du courtage en 2026 : Franc B\u00fcsser, responsable du courtage chez AXA Suisse, souhaite que tous les acteurs importants se regroupent et mise sur des plates-formes communes pour simplifier le traitement des op\u00e9rations.\" srcset=\"https:\/\/www.thebrokernews.ch\/wp-content\/uploads\/2026\/03\/20230315_franc_buesser_web-scaled.jpg 2560w, https:\/\/www.thebrokernews.ch\/wp-content\/uploads\/2026\/03\/20230315_franc_buesser_web-300x169.jpg 300w, https:\/\/www.thebrokernews.ch\/wp-content\/uploads\/2026\/03\/20230315_franc_buesser_web-1024x576.jpg 1024w, https:\/\/www.thebrokernews.ch\/wp-content\/uploads\/2026\/03\/20230315_franc_buesser_web-768x432.jpg 768w, https:\/\/www.thebrokernews.ch\/wp-content\/uploads\/2026\/03\/20230315_franc_buesser_web-1536x863.jpg 1536w, https:\/\/www.thebrokernews.ch\/wp-content\/uploads\/2026\/03\/20230315_franc_buesser_web-2048x1151.jpg 2048w\" sizes=\"auto, (max-width: 2560px) 100vw, 2560px\" \/>\t\t\t<\/a>\n\t\t<\/figure>\n\n\n\n<div class=\"wp-block-columns is-layout-flex wp-container-core-columns-is-layout-01756ba4 wp-block-columns-is-layout-flex\">\n<div class=\"wp-block-column is-layout-flow wp-block-column-is-layout-flow\" style=\"flex-basis:50%\"><div class=\"has-text-align-left wp-block-post-date\"><time datetime=\"2026-03-20T04:00:00+01:00\">20 mars 2026<\/time><\/div><\/div>\n\n\n\n<div class=\"wp-block-column is-layout-flow wp-block-column-is-layout-flow\" style=\"flex-basis:50%\"><div class=\"taxonomy-category has-text-align-right wp-block-post-terms\"><a href=\"https:\/\/www.thebrokernews.ch\/fr\/category\/actualites\/\" rel=\"tag\">Actualit\u00e9s<\/a><span class=\"wp-block-post-terms__separator\">, <\/span><a href=\"https:\/\/www.thebrokernews.ch\/fr\/category\/generalites\/\" rel=\"tag\">G\u00e9n\u00e9ralit\u00e9s<\/a><span class=\"wp-block-post-terms__separator\">, <\/span><a href=\"https:\/\/www.thebrokernews.ch\/fr\/category\/interviews\/\" rel=\"tag\">Interviews<\/a><\/div><\/div>\n<\/div>\n\n\n\n<hr class=\"wp-block-separator has-css-opacity\"\/>\n\n\n<h4 class=\"has-text-align-left wp-block-post-title\"><a href=\"https:\/\/www.thebrokernews.ch\/fr\/marche-du-courtage-26-entre-consolidation\/\" target=\"_self\">Le march\u00e9 du courtage en 2026 : Entre consolidation, num\u00e9risation et attentes des clients<\/a><\/h4>\n\n<div class=\"has-text-align-left wp-block-post-excerpt\"><p class=\"wp-block-post-excerpt__excerpt\">Le march\u00e9 suisse du courtage est confront\u00e9 \u00e0 des changements importants : Les tendances \u00e0 la consolidation, les exigences croissantes\u2026<\/p><p class=\"wp-block-post-excerpt__more-text\"><a class=\"wp-block-post-excerpt__more-link\" href=\"https:\/\/www.thebrokernews.ch\/fr\/marche-du-courtage-26-entre-consolidation\/\">lire la suite<\/a><\/p><\/div><\/div>\n\n<\/li><li class=\"wp-block-post post-26621 post type-post status-publish format-standard has-post-thumbnail hentry category-actualites category-generalites tag-algorithmes tag-chatbots tag-classification tag-humain tag-industrie-du-courtage tag-outils-dia tag-posture tag-ressources-strategiques tag-revue-de-livres ownarticle\">\n\n<div class=\"wp-block-group card is-layout-flow wp-block-group-is-layout-flow\">\t\t<figure>\n\t\t\t<a href=\"https:\/\/www.thebrokernews.ch\/fr\/quand-la-tete-bat-lia-par-selzer-mueller\/\" title=\"thebrokernews - About insurances: Quand la t\u00eate bat l&rsquo;IA\">\n\t\t\t\t<img loading=\"lazy\" decoding=\"async\" width=\"1793\" height=\"1009\" src=\"https:\/\/www.thebrokernews.ch\/wp-content\/uploads\/2026\/03\/Buch_Kopf-schlaegt-Algorithmus_quer.jpeg\" class=\"attachment-post-thumbnail size-post-thumbnail wp-post-image\" alt=\"Quand l&#039;esprit l&#039;emporte sur l&#039;IA : critique du livre \u00ab L&#039;esprit l&#039;emporte sur l&#039;algorithme \u00bb de Marcus Selzer et Denis M\u00fcller.\" srcset=\"https:\/\/www.thebrokernews.ch\/wp-content\/uploads\/2026\/03\/Buch_Kopf-schlaegt-Algorithmus_quer.jpeg 1793w, https:\/\/www.thebrokernews.ch\/wp-content\/uploads\/2026\/03\/Buch_Kopf-schlaegt-Algorithmus_quer-300x169.jpeg 300w, https:\/\/www.thebrokernews.ch\/wp-content\/uploads\/2026\/03\/Buch_Kopf-schlaegt-Algorithmus_quer-1024x576.jpeg 1024w, https:\/\/www.thebrokernews.ch\/wp-content\/uploads\/2026\/03\/Buch_Kopf-schlaegt-Algorithmus_quer-768x432.jpeg 768w, https:\/\/www.thebrokernews.ch\/wp-content\/uploads\/2026\/03\/Buch_Kopf-schlaegt-Algorithmus_quer-1536x864.jpeg 1536w\" sizes=\"auto, (max-width: 1793px) 100vw, 1793px\" \/>\t\t\t<\/a>\n\t\t<\/figure>\n\n\n\n<div class=\"wp-block-columns is-layout-flex wp-container-core-columns-is-layout-01756ba4 wp-block-columns-is-layout-flex\">\n<div class=\"wp-block-column is-layout-flow wp-block-column-is-layout-flow\" style=\"flex-basis:50%\"><div class=\"has-text-align-left wp-block-post-date\"><time datetime=\"2026-03-18T13:27:00+01:00\">18 mars 2026<\/time><\/div><\/div>\n\n\n\n<div class=\"wp-block-column is-layout-flow wp-block-column-is-layout-flow\" style=\"flex-basis:50%\"><div class=\"taxonomy-category has-text-align-right wp-block-post-terms\"><a href=\"https:\/\/www.thebrokernews.ch\/fr\/category\/actualites\/\" rel=\"tag\">Actualit\u00e9s<\/a><span class=\"wp-block-post-terms__separator\">, <\/span><a href=\"https:\/\/www.thebrokernews.ch\/fr\/category\/generalites\/\" rel=\"tag\">G\u00e9n\u00e9ralit\u00e9s<\/a><\/div><\/div>\n<\/div>\n\n\n\n<hr class=\"wp-block-separator has-css-opacity\"\/>\n\n\n<h4 class=\"has-text-align-left wp-block-post-title\"><a href=\"https:\/\/www.thebrokernews.ch\/fr\/quand-la-tete-bat-lia-par-selzer-mueller\/\" target=\"_self\">Quand la t\u00eate bat l&rsquo;IA<\/a><\/h4>\n\n<div class=\"has-text-align-left wp-block-post-excerpt\"><p class=\"wp-block-post-excerpt__excerpt\">Un nouveau livre de Marcus Selzer et Denis M\u00fcller pose une question inconfortable : Que reste-t-il du professionnel de la\u2026<\/p><p class=\"wp-block-post-excerpt__more-text\"><a class=\"wp-block-post-excerpt__more-link\" href=\"https:\/\/www.thebrokernews.ch\/fr\/quand-la-tete-bat-lia-par-selzer-mueller\/\">lire la suite<\/a><\/p><\/div><\/div>\n\n<\/li><li class=\"wp-block-post post-26605 post type-post status-publish format-standard has-post-thumbnail hentry category-actualites category-generalites category-podcasts tag-actuaire tag-bolivie tag-lecon tag-paul-lassureur tag-questions tag-reclamation\">\n\n<div class=\"wp-block-group card is-layout-flow wp-block-group-is-layout-flow\">\t\t<figure>\n\t\t\t<a href=\"https:\/\/www.thebrokernews.ch\/fr\/la-lecon-de-la-bolivie-de-paul-the-insurer\/\" title=\"thebrokernews - About insurances: La le\u00e7on de la Bolivie\">\n\t\t\t\t<img loading=\"lazy\" decoding=\"async\" width=\"1309\" height=\"873\" src=\"https:\/\/www.thebrokernews.ch\/wp-content\/uploads\/2026\/03\/paul_the_insurer_canva_template.pptx-1.png\" class=\"attachment-post-thumbnail size-post-thumbnail wp-post-image\" alt=\"La le\u00e7on de la Bolivie par Paul the Insurer.\" srcset=\"https:\/\/www.thebrokernews.ch\/wp-content\/uploads\/2026\/03\/paul_the_insurer_canva_template.pptx-1.png 1309w, https:\/\/www.thebrokernews.ch\/wp-content\/uploads\/2026\/03\/paul_the_insurer_canva_template.pptx-1-300x200.png 300w, https:\/\/www.thebrokernews.ch\/wp-content\/uploads\/2026\/03\/paul_the_insurer_canva_template.pptx-1-1024x683.png 1024w, https:\/\/www.thebrokernews.ch\/wp-content\/uploads\/2026\/03\/paul_the_insurer_canva_template.pptx-1-768x512.png 768w\" sizes=\"auto, (max-width: 1309px) 100vw, 1309px\" \/>\t\t\t<\/a>\n\t\t<\/figure>\n\n\n\n<div class=\"wp-block-columns is-layout-flex wp-container-core-columns-is-layout-01756ba4 wp-block-columns-is-layout-flex\">\n<div class=\"wp-block-column is-layout-flow wp-block-column-is-layout-flow\" style=\"flex-basis:50%\"><div class=\"has-text-align-left wp-block-post-date\"><time datetime=\"2026-03-18T04:00:00+01:00\">18 mars 2026<\/time><\/div><\/div>\n\n\n\n<div class=\"wp-block-column is-layout-flow wp-block-column-is-layout-flow\" style=\"flex-basis:50%\"><div class=\"taxonomy-category has-text-align-right wp-block-post-terms\"><a href=\"https:\/\/www.thebrokernews.ch\/fr\/category\/actualites\/\" rel=\"tag\">Actualit\u00e9s<\/a><span class=\"wp-block-post-terms__separator\">, <\/span><a href=\"https:\/\/www.thebrokernews.ch\/fr\/category\/generalites\/\" rel=\"tag\">G\u00e9n\u00e9ralit\u00e9s<\/a><span class=\"wp-block-post-terms__separator\">, <\/span><a href=\"https:\/\/www.thebrokernews.ch\/fr\/category\/podcasts\/\" rel=\"tag\">Podcasts<\/a><\/div><\/div>\n<\/div>\n\n\n\n<hr class=\"wp-block-separator has-css-opacity\"\/>\n\n\n<h4 class=\"has-text-align-left wp-block-post-title\"><a href=\"https:\/\/www.thebrokernews.ch\/fr\/la-lecon-de-la-bolivie-de-paul-the-insurer\/\" target=\"_self\">La le\u00e7on de la Bolivie<\/a><\/h4>\n\n<div class=\"has-text-align-left wp-block-post-excerpt\"><p class=\"wp-block-post-excerpt__excerpt\">Dans les ann\u00e9es 1980, un jeune actuaire se rend pour la premi\u00e8re fois en Am\u00e9rique du Sud afin de d\u00e9couvrir\u2026<\/p><p class=\"wp-block-post-excerpt__more-text\"><a class=\"wp-block-post-excerpt__more-link\" href=\"https:\/\/www.thebrokernews.ch\/fr\/la-lecon-de-la-bolivie-de-paul-the-insurer\/\">lire la suite<\/a><\/p><\/div><\/div>\n\n<\/li><li class=\"wp-block-post post-26564 post type-post status-publish format-standard has-post-thumbnail hentry category-actualites category-generalites tag-carburant tag-chronique-du-mardi tag-complexite tag-consequences tag-crash-de-dotcom tag-crises-economiques tag-exception tag-experience-2 tag-experience tag-experience-en-matiere-denergie tag-finances tag-huile tag-leconomie tag-leconomie-mondiale tag-lenergie tag-lundi-noir tag-present tag-producteur-de-petrole tag-revolution-energetique tag-stagflation tag-taux-dinteret-directeur ownarticle\">\n\n<div class=\"wp-block-group card is-layout-flow wp-block-group-is-layout-flow\">\t\t<figure>\n\t\t\t<a href=\"https:\/\/www.thebrokernews.ch\/fr\/le-fusible-sous-leconomie-lenergie\/\" title=\"thebrokernews - About insurances: Le fusible sous l&rsquo;\u00e9conomie\">\n\t\t\t\t<img loading=\"lazy\" decoding=\"async\" width=\"1280\" height=\"853\" src=\"https:\/\/www.thebrokernews.ch\/wp-content\/uploads\/2026\/03\/Dienstagskolumne-von-Eric-Lefebvre.png\" class=\"attachment-post-thumbnail size-post-thumbnail wp-post-image\" alt=\"Le fusible sous l&#039;\u00e9conomie: l&#039;\u00e9nergie.\" srcset=\"https:\/\/www.thebrokernews.ch\/wp-content\/uploads\/2026\/03\/Dienstagskolumne-von-Eric-Lefebvre.png 1280w, https:\/\/www.thebrokernews.ch\/wp-content\/uploads\/2026\/03\/Dienstagskolumne-von-Eric-Lefebvre-300x200.png 300w, https:\/\/www.thebrokernews.ch\/wp-content\/uploads\/2026\/03\/Dienstagskolumne-von-Eric-Lefebvre-1024x682.png 1024w, https:\/\/www.thebrokernews.ch\/wp-content\/uploads\/2026\/03\/Dienstagskolumne-von-Eric-Lefebvre-768x512.png 768w\" sizes=\"auto, (max-width: 1280px) 100vw, 1280px\" \/>\t\t\t<\/a>\n\t\t<\/figure>\n\n\n\n<div class=\"wp-block-columns is-layout-flex wp-container-core-columns-is-layout-01756ba4 wp-block-columns-is-layout-flex\">\n<div class=\"wp-block-column is-layout-flow wp-block-column-is-layout-flow\" style=\"flex-basis:50%\"><div class=\"has-text-align-left wp-block-post-date\"><time datetime=\"2026-03-17T04:00:00+01:00\">17 mars 2026<\/time><\/div><\/div>\n\n\n\n<div class=\"wp-block-column is-layout-flow wp-block-column-is-layout-flow\" style=\"flex-basis:50%\"><div class=\"taxonomy-category has-text-align-right wp-block-post-terms\"><a href=\"https:\/\/www.thebrokernews.ch\/fr\/category\/actualites\/\" rel=\"tag\">Actualit\u00e9s<\/a><span class=\"wp-block-post-terms__separator\">, <\/span><a href=\"https:\/\/www.thebrokernews.ch\/fr\/category\/generalites\/\" rel=\"tag\">G\u00e9n\u00e9ralit\u00e9s<\/a><\/div><\/div>\n<\/div>\n\n\n\n<hr class=\"wp-block-separator has-css-opacity\"\/>\n\n\n<h4 class=\"has-text-align-left wp-block-post-title\"><a href=\"https:\/\/www.thebrokernews.ch\/fr\/le-fusible-sous-leconomie-lenergie\/\" target=\"_self\">Le fusible sous l&rsquo;\u00e9conomie<\/a><\/h4>\n\n<div class=\"has-text-align-left wp-block-post-excerpt\"><p class=\"wp-block-post-excerpt__excerpt\">L&rsquo;\u00e9conomie mondiale semble plus complexe que jamais, mais son fondement est \u00e9tonnamment simple : l&rsquo;\u00e9nergie. Lorsque l&rsquo;\u00e9nergie devient rare, ch\u00e8re\u2026<\/p><p class=\"wp-block-post-excerpt__more-text\"><a class=\"wp-block-post-excerpt__more-link\" href=\"https:\/\/www.thebrokernews.ch\/fr\/le-fusible-sous-leconomie-lenergie\/\">lire la suite<\/a><\/p><\/div><\/div>\n\n<\/li><li class=\"wp-block-post post-26518 post type-post status-publish format-standard has-post-thumbnail hentry category-actualites category-generalites tag-ajout tag-back-office tag-competition tag-donnees-du-systeme tag-efficacite tag-fournisseur-de-technologie tag-hopitaux tag-lelephant-dans-la-piece tag-le-chaos-des-donnees tag-le-dilemme-du-financement tag-partenaires-de-recherche tag-pret-pour-lia tag-probleme-dinfrastructure tag-qualite tag-silos tag-sources-de-capitaux tag-systeme-de-controle tag-transformation tag-usine-pilote\">\n\n<div class=\"wp-block-group card is-layout-flow wp-block-group-is-layout-flow\">\t\t<figure>\n\t\t\t<a href=\"https:\/\/www.thebrokernews.ch\/fr\/hopitaux-prets-ia-linfrastructure-invisibl\/\" title=\"thebrokernews - About insurances: H\u00f4pitaux pr\u00eats pour l&rsquo;IA : la question de l&rsquo;infrastructure invisible\">\n\t\t\t\t<img loading=\"lazy\" decoding=\"async\" width=\"2560\" height=\"1748\" src=\"https:\/\/www.thebrokernews.ch\/wp-content\/uploads\/2026\/03\/AI-ready-hospital-Titel-scaled.jpeg\" class=\"attachment-post-thumbnail size-post-thumbnail wp-post-image\" alt=\"H\u00f4pitaux pr\u00eats pour l&#039;IA \u2013 de gauche \u00e0 droite : Stephen Ranjan, mod\u00e9rateur, Rodolphe Eurin, Prof. Dr m\u00e9d. Katrin Hoffmann, Nicolas Loeillot et Matthias Hermann.\" srcset=\"https:\/\/www.thebrokernews.ch\/wp-content\/uploads\/2026\/03\/AI-ready-hospital-Titel-scaled.jpeg 2560w, https:\/\/www.thebrokernews.ch\/wp-content\/uploads\/2026\/03\/AI-ready-hospital-Titel-300x205.jpeg 300w, https:\/\/www.thebrokernews.ch\/wp-content\/uploads\/2026\/03\/AI-ready-hospital-Titel-1024x699.jpeg 1024w, https:\/\/www.thebrokernews.ch\/wp-content\/uploads\/2026\/03\/AI-ready-hospital-Titel-768x524.jpeg 768w, https:\/\/www.thebrokernews.ch\/wp-content\/uploads\/2026\/03\/AI-ready-hospital-Titel-1536x1049.jpeg 1536w, https:\/\/www.thebrokernews.ch\/wp-content\/uploads\/2026\/03\/AI-ready-hospital-Titel-2048x1398.jpeg 2048w\" sizes=\"auto, (max-width: 2560px) 100vw, 2560px\" \/>\t\t\t<\/a>\n\t\t<\/figure>\n\n\n\n<div class=\"wp-block-columns is-layout-flex wp-container-core-columns-is-layout-01756ba4 wp-block-columns-is-layout-flex\">\n<div class=\"wp-block-column is-layout-flow wp-block-column-is-layout-flow\" style=\"flex-basis:50%\"><div class=\"has-text-align-left wp-block-post-date\"><time datetime=\"2026-03-16T04:00:00+01:00\">16 mars 2026<\/time><\/div><\/div>\n\n\n\n<div class=\"wp-block-column is-layout-flow wp-block-column-is-layout-flow\" style=\"flex-basis:50%\"><div class=\"taxonomy-category has-text-align-right wp-block-post-terms\"><a href=\"https:\/\/www.thebrokernews.ch\/fr\/category\/actualites\/\" rel=\"tag\">Actualit\u00e9s<\/a><span class=\"wp-block-post-terms__separator\">, <\/span><a href=\"https:\/\/www.thebrokernews.ch\/fr\/category\/generalites\/\" rel=\"tag\">G\u00e9n\u00e9ralit\u00e9s<\/a><\/div><\/div>\n<\/div>\n\n\n\n<hr class=\"wp-block-separator has-css-opacity\"\/>\n\n\n<h4 class=\"has-text-align-left wp-block-post-title\"><a href=\"https:\/\/www.thebrokernews.ch\/fr\/hopitaux-prets-ia-linfrastructure-invisibl\/\" target=\"_self\">H\u00f4pitaux pr\u00eats pour l&rsquo;IA : la question de l&rsquo;infrastructure invisible<\/a><\/h4>\n\n<div class=\"has-text-align-left wp-block-post-excerpt\"><p class=\"wp-block-post-excerpt__excerpt\">L&rsquo;IA dans les h\u00f4pitaux n&rsquo;est pas un gadget ou un projet informatique, selon la teneur d&rsquo;une table ronde au Health\u2026<\/p><p class=\"wp-block-post-excerpt__more-text\"><a class=\"wp-block-post-excerpt__more-link\" href=\"https:\/\/www.thebrokernews.ch\/fr\/hopitaux-prets-ia-linfrastructure-invisibl\/\">lire la suite<\/a><\/p><\/div><\/div>\n\n<\/li><li class=\"wp-block-post post-26501 post type-post status-publish format-standard has-post-thumbnail hentry category-actualites category-generalites tag-acces-a-la-protection tag-avenir tag-bale tag-cybercriminalite tag-effet-de-systeme tag-institut-doxford-pour-la-technologie-et-la-justice tag-laboratoire tag-malawi tag-plateformes-de-donnees tag-solidarite tag-technologie-de-la-justice tag-travail-sur-les-droits-de-lhomme\">\n\n<div class=\"wp-block-group card is-layout-flow wp-block-group-is-layout-flow\">\t\t<figure>\n\t\t\t<a href=\"https:\/\/www.thebrokernews.ch\/fr\/amal-clooney-lia-pour-lacces-a-la-justice\/\" title=\"thebrokernews - About insurances: Amal Clooney : L&rsquo;IA comme levier pour l&rsquo;acc\u00e8s \u00e0 la justice\">\n\t\t\t\t<img loading=\"lazy\" decoding=\"async\" width=\"1536\" height=\"1024\" src=\"https:\/\/www.thebrokernews.ch\/wp-content\/uploads\/2026\/03\/Amal-Clooney.png\" class=\"attachment-post-thumbnail size-post-thumbnail wp-post-image\" alt=\"Amal Clooney rend l&#039;IA utile pour l&#039;\u00c9tat de droit en fondant l&#039;Oxford Institute of Technology and Justice.\" srcset=\"https:\/\/www.thebrokernews.ch\/wp-content\/uploads\/2026\/03\/Amal-Clooney.png 1536w, https:\/\/www.thebrokernews.ch\/wp-content\/uploads\/2026\/03\/Amal-Clooney-300x200.png 300w, https:\/\/www.thebrokernews.ch\/wp-content\/uploads\/2026\/03\/Amal-Clooney-1024x683.png 1024w, https:\/\/www.thebrokernews.ch\/wp-content\/uploads\/2026\/03\/Amal-Clooney-768x512.png 768w\" sizes=\"auto, (max-width: 1536px) 100vw, 1536px\" \/>\t\t\t<\/a>\n\t\t<\/figure>\n\n\n\n<div class=\"wp-block-columns is-layout-flex wp-container-core-columns-is-layout-01756ba4 wp-block-columns-is-layout-flex\">\n<div class=\"wp-block-column is-layout-flow wp-block-column-is-layout-flow\" style=\"flex-basis:50%\"><div class=\"has-text-align-left wp-block-post-date\"><time datetime=\"2026-03-13T04:00:00+01:00\">13 mars 2026<\/time><\/div><\/div>\n\n\n\n<div class=\"wp-block-column is-layout-flow wp-block-column-is-layout-flow\" style=\"flex-basis:50%\"><div class=\"taxonomy-category has-text-align-right wp-block-post-terms\"><a href=\"https:\/\/www.thebrokernews.ch\/fr\/category\/actualites\/\" rel=\"tag\">Actualit\u00e9s<\/a><span class=\"wp-block-post-terms__separator\">, <\/span><a href=\"https:\/\/www.thebrokernews.ch\/fr\/category\/generalites\/\" rel=\"tag\">G\u00e9n\u00e9ralit\u00e9s<\/a><\/div><\/div>\n<\/div>\n\n\n\n<hr class=\"wp-block-separator has-css-opacity\"\/>\n\n\n<h4 class=\"has-text-align-left wp-block-post-title\"><a href=\"https:\/\/www.thebrokernews.ch\/fr\/amal-clooney-lia-pour-lacces-a-la-justice\/\" target=\"_self\">Amal Clooney : L&rsquo;IA comme levier pour l&rsquo;acc\u00e8s \u00e0 la justice<\/a><\/h4>\n\n<div class=\"has-text-align-left wp-block-post-excerpt\"><p class=\"wp-block-post-excerpt__excerpt\">La deuxi\u00e8me journ\u00e9e du Health Tech Global Summit \u00e0 B\u00e2le s&rsquo;est concentr\u00e9e sur deux questions cl\u00e9s : comment un syst\u00e8me\u2026<\/p><p class=\"wp-block-post-excerpt__more-text\"><a class=\"wp-block-post-excerpt__more-link\" href=\"https:\/\/www.thebrokernews.ch\/fr\/amal-clooney-lia-pour-lacces-a-la-justice\/\">lire la suite<\/a><\/p><\/div><\/div>\n\n<\/li><\/ul><\/div>\n\n<div style=\"height:5vw\" aria-hidden=\"true\" class=\"wp-block-spacer\"><\/div>\n\n<h2 class=\"wp-block-heading\">Plus de cat\u00e9gories<\/h2>\n\n<div style=\"height:3vw\" aria-hidden=\"true\" class=\"wp-block-spacer\"><\/div>\n<ul class=\"wp-block-categories-list wp-block-categories\">\t<li class=\"cat-item cat-item-9546\"><a href=\"https:\/\/www.thebrokernews.ch\/fr\/category\/actualites\/\">Actualit\u00e9s<\/a>\n<\/li>\n\t<li class=\"cat-item cat-item-9550\"><a href=\"https:\/\/www.thebrokernews.ch\/fr\/category\/contributions-dinvites\/\">Contributions d&#039;invit\u00e9s<\/a>\n<\/li>\n\t<li class=\"cat-item cat-item-9547\"><a href=\"https:\/\/www.thebrokernews.ch\/fr\/category\/generalites\/\">G\u00e9n\u00e9ralit\u00e9s<\/a>\n<\/li>\n\t<li class=\"cat-item cat-item-9551\"><a href=\"https:\/\/www.thebrokernews.ch\/fr\/category\/interviews\/\">Interviews<\/a>\n<\/li>\n\t<li class=\"cat-item cat-item-9538\"><a href=\"https:\/\/www.thebrokernews.ch\/fr\/category\/non-categorise\/\">Non cat\u00e9goris\u00e9<\/a>\n<\/li>\n\t<li class=\"cat-item cat-item-9553\"><a href=\"https:\/\/www.thebrokernews.ch\/fr\/category\/podcasts\/\">Podcasts<\/a>\n<\/li>\n<\/ul>","protected":false},"excerpt":{"rendered":"<p>Saisir un terme de recherche Plus de cat\u00e9gories<\/p>\n","protected":false},"author":1,"featured_media":0,"parent":0,"menu_order":0,"comment_status":"closed","ping_status":"closed","template":"","meta":{"_acf_changed":false,"inline_featured_image":false,"_price":"","_stock":"","_tribe_ticket_header":"","_tribe_default_ticket_provider":"","_tribe_ticket_capacity":"0","_ticket_start_date":"","_ticket_end_date":"","_tribe_ticket_show_description":"","_tribe_ticket_show_not_going":false,"_tribe_ticket_use_global_stock":"","_tribe_ticket_global_stock_level":"","_global_stock_mode":"","_global_stock_cap":"","_tribe_rsvp_for_event":"","_tribe_ticket_going_count":"","_tribe_ticket_not_going_count":"","_tribe_tickets_list":"[]","_tribe_ticket_has_attendee_info_fields":false,"footnotes":"","_tec_slr_enabled":"","_tec_slr_layout":""},"class_list":["post-25631","page","type-page","status-publish","hentry"],"acf":[],"ticketed":false,"_links":{"self":[{"href":"https:\/\/www.thebrokernews.ch\/fr\/wp-json\/wp\/v2\/pages\/25631","targetHints":{"allow":["GET"]}}],"collection":[{"href":"https:\/\/www.thebrokernews.ch\/fr\/wp-json\/wp\/v2\/pages"}],"about":[{"href":"https:\/\/www.thebrokernews.ch\/fr\/wp-json\/wp\/v2\/types\/page"}],"author":[{"embeddable":true,"href":"https:\/\/www.thebrokernews.ch\/fr\/wp-json\/wp\/v2\/users\/1"}],"replies":[{"embeddable":true,"href":"https:\/\/www.thebrokernews.ch\/fr\/wp-json\/wp\/v2\/comments?post=25631"}],"version-history":[{"count":1,"href":"https:\/\/www.thebrokernews.ch\/fr\/wp-json\/wp\/v2\/pages\/25631\/revisions"}],"predecessor-version":[{"id":25632,"href":"https:\/\/www.thebrokernews.ch\/fr\/wp-json\/wp\/v2\/pages\/25631\/revisions\/25632"}],"wp:attachment":[{"href":"https:\/\/www.thebrokernews.ch\/fr\/wp-json\/wp\/v2\/media?parent=25631"}],"curies":[{"name":"wp","href":"https:\/\/api.w.org\/{rel}","templated":true}]}}